{"id":1253,"date":"2023-08-28T07:05:03","date_gmt":"2023-08-28T05:05:03","guid":{"rendered":"https:\/\/psychodietetique.fr\/?page_id=1253"},"modified":"2025-10-27T10:20:06","modified_gmt":"2025-10-27T09:20:06","slug":"dieteticienne-vaucluse","status":"publish","type":"page","link":"https:\/\/psychodietetique.fr\/index.php\/dieteticienne-vaucluse\/","title":{"rendered":"Consultations et tarifs"},"content":{"rendered":"\t\t<div data-elementor-type=\"wp-page\" data-elementor-id=\"1253\" class=\"elementor elementor-1253\">\n\t\t\t\t\t\t<section class=\"elementor-section elementor-top-section elementor-element elementor-element-db31701 elementor-section-boxed elementor-section-height-default elementor-section-height-default wpr-particle-no wpr-jarallax-no wpr-parallax-no wpr-sticky-section-no wpr-equal-height-no\" data-id=\"db31701\" data-element_type=\"section\">\n\t\t\t\t\t\t<div class=\"elementor-container elementor-column-gap-default\">\n\t\t\t\t\t<div class=\"elementor-column elementor-col-100 elementor-top-column elementor-element elementor-element-5452527\" data-id=\"5452527\" data-element_type=\"column\">\n\t\t\t<div class=\"elementor-widget-wrap elementor-element-populated\">\n\t\t\t\t\t\t<div class=\"elementor-element elementor-element-06a982d elementor-widget elementor-widget-heading\" data-id=\"06a982d\" data-element_type=\"widget\" data-widget_type=\"heading.default\">\n\t\t\t\t<div class=\"elementor-widget-container\">\n\t\t\t\t\t<h1 class=\"elementor-heading-title elementor-size-default\">Consultations et tarif<\/h1>\t\t\t\t<\/div>\n\t\t\t\t<\/div>\n\t\t\t\t\t<\/div>\n\t\t<\/div>\n\t\t\t\t\t<\/div>\n\t\t<\/section>\n\t\t\t\t<section class=\"elementor-section elementor-top-section elementor-element elementor-element-610c8b2 elementor-section-boxed elementor-section-height-default elementor-section-height-default wpr-particle-no wpr-jarallax-no wpr-parallax-no wpr-sticky-section-no wpr-equal-height-no\" data-id=\"610c8b2\" data-element_type=\"section\">\n\t\t\t\t\t\t<div class=\"elementor-container elementor-column-gap-default\">\n\t\t\t\t\t<div class=\"elementor-column elementor-col-100 elementor-top-column elementor-element elementor-element-2bfaa27\" data-id=\"2bfaa27\" data-element_type=\"column\">\n\t\t\t<div class=\"elementor-widget-wrap elementor-element-populated\">\n\t\t\t\t\t\t<div class=\"elementor-element elementor-element-b24df60 elementor-widget elementor-widget-heading\" data-id=\"b24df60\" data-element_type=\"widget\" data-widget_type=\"heading.default\">\n\t\t\t\t<div class=\"elementor-widget-container\">\n\t\t\t\t\t<h2 class=\"elementor-heading-title elementor-size-default\">D\u00e9roulement de l'accompagnement - Di\u00e9t\u00e9ticienne Nutritionniste en Vaucluse<\/h2>\t\t\t\t<\/div>\n\t\t\t\t<\/div>\n\t\t\t\t<div class=\"elementor-element elementor-element-bd01aa3 elementor-widget elementor-widget-text-editor\" data-id=\"bd01aa3\" data-element_type=\"widget\" data-widget_type=\"text-editor.default\">\n\t\t\t\t<div class=\"elementor-widget-container\">\n\t\t\t\t\t\t\t\t\t<p>Les consultations se d\u00e9roulent au sein de mes cabinets de di\u00e9t\u00e9ticienne en Vaucluse, \u00e0 Carpentras et \u00e0 Mazan.\u00a0<\/p><p>Pour un travail efficace, un accompagnement psycho-nutritionnel n\u00e9cessite plusieurs s\u00e9ances dont le rythme est d\u00e9fini en fonction de vos besoins lors de votre premier rendez- vous.\u00a0\u00a0<\/p><p>Je recommande une s\u00e9ance chaque 15 jours dans les premi\u00e8res semaines puis cette fr\u00e9quence est modul\u00e9e en fonction de\u00a0 votre \u00e9volution personnelle et de vos besoins<\/p><p><span style=\"font-size: 15px;\">La premi\u00e8re s\u00e9ance permet de faire connaissance, vous me partagez votre histoire, vos difficult\u00e9s et je vous propose d\u2019effectuer un bilan sur diff\u00e9rents points cl\u00e9s qui pourront \u00eatre travaill\u00e9s en s\u00e9ances de suivi.\u00a0\u00a0<\/span><span style=\"font-size: 15px;\">Vous me faites part de vos attentes vis &#8211; \u00e0- vis de cet accompagnement et je vous invite \u00e0 formuler une intention comme un but qui me permettra de vous guider au mieux au travers de diff\u00e9rents axes de travail dans votre parcours d\u2019\u00e9volution.\u00a0<\/span><\/p><p>Entre les s\u00e9ances, vous seront recommand\u00e9s des exercices d\u2019observation, d\u2019introspection et d\u2019exploration afin que vous puissiez trouver de nouvelles fa\u00e7ons de fonctionner.<\/p>\t\t\t\t\t\t\t\t<\/div>\n\t\t\t\t<\/div>\n\t\t\t\t<div class=\"elementor-element elementor-element-96e1e4d elementor-align-center elementor-widget elementor-widget-button\" data-id=\"96e1e4d\" data-element_type=\"widget\" data-widget_type=\"button.default\">\n\t\t\t\t<div class=\"elementor-widget-container\">\n\t\t\t\t\t\t\t\t\t<div class=\"elementor-button-wrapper\">\n\t\t\t\t\t<a class=\"elementor-button elementor-button-link elementor-size-sm\" href=\"https:\/\/www.madietenligne.fr\/annuaire\/amandine-perrichon\/reservation\">\n\t\t\t\t\t\t<span class=\"elementor-button-content-wrapper\">\n\t\t\t\t\t\t\t\t\t<span class=\"elementor-button-text\">PRENDRE RENDEZ-VOUS<\/span>\n\t\t\t\t\t<\/span>\n\t\t\t\t\t<\/a>\n\t\t\t\t<\/div>\n\t\t\t\t\t\t\t\t<\/div>\n\t\t\t\t<\/div>\n\t\t\t\t\t<\/div>\n\t\t<\/div>\n\t\t\t\t\t<\/div>\n\t\t<\/section>\n\t\t\t\t<section class=\"elementor-section elementor-top-section elementor-element elementor-element-1cb6a67 elementor-section-boxed elementor-section-height-default elementor-section-height-default wpr-particle-no wpr-jarallax-no wpr-parallax-no wpr-sticky-section-no wpr-equal-height-no\" data-id=\"1cb6a67\" data-element_type=\"section\">\n\t\t\t\t\t\t<div class=\"elementor-container elementor-column-gap-default\">\n\t\t\t\t\t<div class=\"elementor-column elementor-col-100 elementor-top-column elementor-element elementor-element-2f7e41a\" data-id=\"2f7e41a\" data-element_type=\"column\">\n\t\t\t<div class=\"elementor-widget-wrap elementor-element-populated\">\n\t\t\t\t\t\t<div class=\"elementor-element elementor-element-0a5bcbd elementor-widget elementor-widget-heading\" data-id=\"0a5bcbd\" data-element_type=\"widget\" data-widget_type=\"heading.default\">\n\t\t\t\t<div class=\"elementor-widget-container\">\n\t\t\t\t\t<h2 class=\"elementor-heading-title elementor-size-default\">format de la consultation - Di\u00e9t\u00e9ticienne en vaucluse<\/h2>\t\t\t\t<\/div>\n\t\t\t\t<\/div>\n\t\t\t\t<div class=\"elementor-element elementor-element-cb1efa7 elementor-widget elementor-widget-text-editor\" data-id=\"cb1efa7\" data-element_type=\"widget\" data-widget_type=\"text-editor.default\">\n\t\t\t\t<div class=\"elementor-widget-container\">\n\t\t\t\t\t\t\t\t\t<p>Vous avez la possibilit\u00e9 de b\u00e9n\u00e9ficier d&#8217;un suivi en pr\u00e9sentiel \u00e0 Carpentras ou Mazan ou en t\u00e9l\u00e9consultaion.\u00a0<\/p>\t\t\t\t\t\t\t\t<\/div>\n\t\t\t\t<\/div>\n\t\t\t\t\t<\/div>\n\t\t<\/div>\n\t\t\t\t\t<\/div>\n\t\t<\/section>\n\t\t\t\t<section class=\"elementor-section elementor-top-section elementor-element elementor-element-078b6d5 elementor-section-boxed elementor-section-height-default elementor-section-height-default wpr-particle-no wpr-jarallax-no wpr-parallax-no wpr-sticky-section-no wpr-equal-height-no\" data-id=\"078b6d5\" data-element_type=\"section\">\n\t\t\t\t\t\t<div class=\"elementor-container elementor-column-gap-default\">\n\t\t\t\t\t<div class=\"elementor-column elementor-col-33 elementor-top-column elementor-element elementor-element-94e26c1\" data-id=\"94e26c1\" data-element_type=\"column\">\n\t\t\t<div class=\"elementor-widget-wrap elementor-element-populated\">\n\t\t\t\t\t\t<div class=\"elementor-element elementor-element-62910bd elementor-view-stacked elementor-shape-circle elementor-position-top elementor-mobile-position-top elementor-widget elementor-widget-icon-box\" data-id=\"62910bd\" data-element_type=\"widget\" data-widget_type=\"icon-box.default\">\n\t\t\t\t<div class=\"elementor-widget-container\">\n\t\t\t\t\t\t\t<div class=\"elementor-icon-box-wrapper\">\n\n\t\t\t\t\t\t<div class=\"elementor-icon-box-icon\">\n\t\t\t\t<span  class=\"elementor-icon\">\n\t\t\t\t<i aria-hidden=\"true\" class=\"fas fa-home\"><\/i>\t\t\t\t<\/span>\n\t\t\t<\/div>\n\t\t\t\n\t\t\t\t\t\t<div class=\"elementor-icon-box-content\">\n\n\t\t\t\t\t\t\t\t\t<h3 class=\"elementor-icon-box-title\">\n\t\t\t\t\t\t<span  >\n\t\t\t\t\t\t\tDi\u00e9t\u00e9ticienne   Vaucluse - Carpentras\t\t\t\t\t\t<\/span>\n\t\t\t\t\t<\/h3>\n\t\t\t\t\n\t\t\t\t\n\t\t\t<\/div>\n\t\t\t\n\t\t<\/div>\n\t\t\t\t\t\t<\/div>\n\t\t\t\t<\/div>\n\t\t\t\t<div class=\"elementor-element elementor-element-0c1306b elementor-widget elementor-widget-text-editor\" data-id=\"0c1306b\" data-element_type=\"widget\" data-widget_type=\"text-editor.default\">\n\t\t\t\t<div class=\"elementor-widget-container\">\n\t\t\t\t\t\t\t\t\t<p>Mercredi<\/p>\t\t\t\t\t\t\t\t<\/div>\n\t\t\t\t<\/div>\n\t\t\t\t<div class=\"elementor-element elementor-element-4ac0842 elementor-widget elementor-widget-text-editor\" data-id=\"4ac0842\" data-element_type=\"widget\" data-widget_type=\"text-editor.default\">\n\t\t\t\t<div class=\"elementor-widget-container\">\n\t\t\t\t\t\t\t\t\t<p>S\u00e9ances en pr\u00e9sentiel au cabinet\u00a0 th\u00e9rapeutique de l&#8217;Espace Fenouil. Un lieu d\u00e9di\u00e9 au bien-\u00eatre et\u00a0 \u00e0 l&#8217;\u00e9panouissement personnel.\u00a0<\/p><p>\u00a0<\/p><p style=\"text-align: center;\"><a href=\"https:\/\/espacefenouil.org\/psychologue\/\"><strong>Espace Fenouil<\/strong><\/a><\/p><p style=\"text-align: center;\"><a href=\"https:\/\/maps.app.goo.gl\/cMj8GjYdR5e6R49n8\">114 rue Emile et Paul Fenouil,<\/a><br \/>84200 Carpentras<\/p>\t\t\t\t\t\t\t\t<\/div>\n\t\t\t\t<\/div>\n\t\t\t\t<div class=\"elementor-element elementor-element-eba20fe elementor-widget elementor-widget-image\" data-id=\"eba20fe\" data-element_type=\"widget\" data-widget_type=\"image.default\">\n\t\t\t\t<div class=\"elementor-widget-container\">\n\t\t\t\t\t\t\t\t\t\t\t\t\t\t\t\t<a href=\"https:\/\/espacefenouil.org\/dieteticienne-carpentras\/\">\n\t\t\t\t\t\t\t<img decoding=\"async\" width=\"150\" height=\"150\" src=\"https:\/\/psychodietetique.fr\/wp-content\/uploads\/2023\/08\/photo_2023-08-26_16-50-20-150x150.jpg\" class=\"attachment-thumbnail size-thumbnail wp-image-3203\" alt=\"Cabinet Di\u00e9t\u00e9ticienne Nutritionniste Carpentras\" srcset=\"https:\/\/psychodietetique.fr\/wp-content\/uploads\/2023\/08\/photo_2023-08-26_16-50-20-150x150.jpg 150w, https:\/\/psychodietetique.fr\/wp-content\/uploads\/2023\/08\/photo_2023-08-26_16-50-20-600x600.jpg 600w\" sizes=\"(max-width: 150px) 100vw, 150px\" \/>\t\t\t\t\t\t\t\t<\/a>\n\t\t\t\t\t\t\t\t\t\t\t\t\t\t\t<\/div>\n\t\t\t\t<\/div>\n\t\t\t\t\t<\/div>\n\t\t<\/div>\n\t\t\t\t<div class=\"elementor-column elementor-col-33 elementor-top-column elementor-element elementor-element-e2b7ebc\" data-id=\"e2b7ebc\" data-element_type=\"column\">\n\t\t\t<div class=\"elementor-widget-wrap elementor-element-populated\">\n\t\t\t\t\t\t<div class=\"elementor-element elementor-element-7a92280 elementor-view-stacked elementor-shape-circle elementor-position-top elementor-mobile-position-top elementor-widget elementor-widget-icon-box\" data-id=\"7a92280\" data-element_type=\"widget\" data-widget_type=\"icon-box.default\">\n\t\t\t\t<div class=\"elementor-widget-container\">\n\t\t\t\t\t\t\t<div class=\"elementor-icon-box-wrapper\">\n\n\t\t\t\t\t\t<div class=\"elementor-icon-box-icon\">\n\t\t\t\t<span  class=\"elementor-icon\">\n\t\t\t\t<i aria-hidden=\"true\" class=\"fas fa-laptop\"><\/i>\t\t\t\t<\/span>\n\t\t\t<\/div>\n\t\t\t\n\t\t\t\t\t\t<div class=\"elementor-icon-box-content\">\n\n\t\t\t\t\t\t\t\t\t<h3 class=\"elementor-icon-box-title\">\n\t\t\t\t\t\t<span  >\n\t\t\t\t\t\t\tT\u00e9l\u00e9consultation\t\t\t\t\t\t<\/span>\n\t\t\t\t\t<\/h3>\n\t\t\t\t\n\t\t\t\t\n\t\t\t<\/div>\n\t\t\t\n\t\t<\/div>\n\t\t\t\t\t\t<\/div>\n\t\t\t\t<\/div>\n\t\t\t\t<div class=\"elementor-element elementor-element-55aa5ed elementor-widget elementor-widget-text-editor\" data-id=\"55aa5ed\" data-element_type=\"widget\" data-widget_type=\"text-editor.default\">\n\t\t\t\t<div class=\"elementor-widget-container\">\n\t\t\t\t\t\t\t\t\t<p>Mercredi et Samedi<\/p>\t\t\t\t\t\t\t\t<\/div>\n\t\t\t\t<\/div>\n\t\t\t\t<div class=\"elementor-element elementor-element-8292bd2 elementor-widget elementor-widget-text-editor\" data-id=\"8292bd2\" data-element_type=\"widget\" data-widget_type=\"text-editor.default\">\n\t\t\t\t<div class=\"elementor-widget-container\">\n\t\t\t\t\t\t\t\t\t<p style=\"text-align: left;\"><span style=\"white-space-collapse: preserve;\">Emploi du temps charg\u00e9 ?<br \/>Vous \u00eates en d\u00e9placement loin de votre domicile ?<br \/>Ou vous n&#8217;habitez pas \u00e0 proximit\u00e9 du cabinet? <\/span><\/p><p style=\"text-align: left;\"><span style=\"white-space-collapse: preserve;\"> N<\/span><span style=\"font-size: 15px; white-space-collapse: preserve;\">ous pouvons r\u00e9aliser les s\u00e9ances en visioconf\u00e9rence. <\/span><\/p><p style=\"text-align: left;\"><span style=\"white-space-collapse: preserve;\">J&#8217;utilise le logiciel <span style=\"color: #800080;\"><a style=\"color: #800080;\" href=\"https:\/\/www.madietenligne.fr\/annuaire\/amandine-perrichon\">Madietenligne<\/a>.<\/span> Accessible facilement via un lien qui vous sera envoy\u00e9 par mail. <\/span><\/p>\t\t\t\t\t\t\t\t<\/div>\n\t\t\t\t<\/div>\n\t\t\t\t\t<\/div>\n\t\t<\/div>\n\t\t\t\t<div class=\"elementor-column elementor-col-33 elementor-top-column elementor-element elementor-element-e070adf\" data-id=\"e070adf\" data-element_type=\"column\">\n\t\t\t<div class=\"elementor-widget-wrap elementor-element-populated\">\n\t\t\t\t\t\t<div class=\"elementor-element elementor-element-18d4f61 elementor-view-stacked elementor-shape-circle elementor-position-top elementor-mobile-position-top elementor-widget elementor-widget-icon-box\" data-id=\"18d4f61\" data-element_type=\"widget\" data-widget_type=\"icon-box.default\">\n\t\t\t\t<div class=\"elementor-widget-container\">\n\t\t\t\t\t\t\t<div class=\"elementor-icon-box-wrapper\">\n\n\t\t\t\t\t\t<div class=\"elementor-icon-box-icon\">\n\t\t\t\t<span  class=\"elementor-icon\">\n\t\t\t\t<i aria-hidden=\"true\" class=\"fas fa-home\"><\/i>\t\t\t\t<\/span>\n\t\t\t<\/div>\n\t\t\t\n\t\t\t\t\t\t<div class=\"elementor-icon-box-content\">\n\n\t\t\t\t\t\t\t\t\t<h3 class=\"elementor-icon-box-title\">\n\t\t\t\t\t\t<span  >\n\t\t\t\t\t\t\tDi\u00e9t\u00e9ticienne Vaucluse - Mazan\n\t\t\t\t\t\t<\/span>\n\t\t\t\t\t<\/h3>\n\t\t\t\t\n\t\t\t\t\n\t\t\t<\/div>\n\t\t\t\n\t\t<\/div>\n\t\t\t\t\t\t<\/div>\n\t\t\t\t<\/div>\n\t\t\t\t<div class=\"elementor-element elementor-element-652bbca elementor-widget elementor-widget-text-editor\" data-id=\"652bbca\" data-element_type=\"widget\" data-widget_type=\"text-editor.default\">\n\t\t\t\t<div class=\"elementor-widget-container\">\n\t\t\t\t\t\t\t\t\t<p>Samedi matin<\/p>\t\t\t\t\t\t\t\t<\/div>\n\t\t\t\t<\/div>\n\t\t\t\t<div class=\"elementor-element elementor-element-8ccb281 elementor-widget elementor-widget-text-editor\" data-id=\"8ccb281\" data-element_type=\"widget\" data-widget_type=\"text-editor.default\">\n\t\t\t\t<div class=\"elementor-widget-container\">\n\t\t\t\t\t\t\t\t\t<p>S\u00e9ances au cabinet de La Parent&#8217;Elle. Un espace unique en Vaucluse d\u00e9di\u00e9 au bien-\u00eatre des femmes et \u00e0 l&#8217;accompagnement autour de la p\u00e9rinatalit\u00e9 et la parentalit\u00e9.\u00a0<\/p><p>\u00a0<\/p><p style=\"text-align: center;\"><b><a href=\"https:\/\/laparentelle.fr\/equipe\/amandine-perrichon\/\">La Parent&#8217;Elle\u00a0<\/a>\u00a0<\/b><\/p><p style=\"text-align: center;\"><a href=\"https:\/\/maps.app.goo.gl\/EedsFnimaw8W4udM9\">139 Avenue de l&#8217;Europe 84380 Mazan<\/a><\/p>\t\t\t\t\t\t\t\t<\/div>\n\t\t\t\t<\/div>\n\t\t\t\t<div class=\"elementor-element elementor-element-d712484 elementor-widget elementor-widget-image\" data-id=\"d712484\" data-element_type=\"widget\" data-widget_type=\"image.default\">\n\t\t\t\t<div class=\"elementor-widget-container\">\n\t\t\t\t\t\t\t\t\t\t\t\t<figure class=\"wp-caption\">\n\t\t\t\t\t\t\t\t\t\t\t<a href=\"https:\/\/www.instagram.com\/la_parent_elle\/\">\n\t\t\t\t\t\t\t<img decoding=\"async\" width=\"150\" height=\"150\" src=\"https:\/\/psychodietetique.fr\/wp-content\/uploads\/2024\/06\/photo_2024-06-17_11-47-59-150x150.jpg\" class=\"attachment-thumbnail size-thumbnail wp-image-4869\" alt=\"La Parent&#039;Elle Mazan\" srcset=\"https:\/\/psychodietetique.fr\/wp-content\/uploads\/2024\/06\/photo_2024-06-17_11-47-59-150x150.jpg 150w, https:\/\/psychodietetique.fr\/wp-content\/uploads\/2024\/06\/photo_2024-06-17_11-47-59-600x600.jpg 600w\" sizes=\"(max-width: 150px) 100vw, 150px\" \/>\t\t\t\t\t\t\t\t<\/a>\n\t\t\t\t\t\t\t\t\t\t\t<figcaption class=\"widget-image-caption wp-caption-text\"><\/figcaption>\n\t\t\t\t\t\t\t\t\t\t<\/figure>\n\t\t\t\t\t\t\t\t\t<\/div>\n\t\t\t\t<\/div>\n\t\t\t\t\t<\/div>\n\t\t<\/div>\n\t\t\t\t\t<\/div>\n\t\t<\/section>\n\t\t\t\t<section class=\"elementor-section elementor-top-section elementor-element elementor-element-b8e1d45 elementor-section-stretched elementor-section-boxed elementor-section-height-default elementor-section-height-default wpr-particle-no wpr-jarallax-no wpr-parallax-no wpr-sticky-section-no wpr-equal-height-no\" data-id=\"b8e1d45\" data-element_type=\"section\" data-settings=\"{&quot;stretch_section&quot;:&quot;section-stretched&quot;,&quot;background_background&quot;:&quot;classic&quot;}\">\n\t\t\t\t\t\t<div class=\"elementor-container elementor-column-gap-default\">\n\t\t\t\t\t<div class=\"elementor-column elementor-col-100 elementor-top-column elementor-element elementor-element-87684ea\" data-id=\"87684ea\" data-element_type=\"column\">\n\t\t\t<div class=\"elementor-widget-wrap elementor-element-populated\">\n\t\t\t\t\t\t<div class=\"elementor-element elementor-element-4015956 elementor-widget elementor-widget-heading\" data-id=\"4015956\" data-element_type=\"widget\" data-widget_type=\"heading.default\">\n\t\t\t\t<div class=\"elementor-widget-container\">\n\t\t\t\t\t<h2 class=\"elementor-heading-title elementor-size-default\">Dur\u00e9e DES SEANCES - Di\u00e9t\u00e9ticienne Vaucluse<\/h2>\t\t\t\t<\/div>\n\t\t\t\t<\/div>\n\t\t\t\t<div class=\"elementor-element elementor-element-2948375 elementor-widget elementor-widget-text-editor\" data-id=\"2948375\" data-element_type=\"widget\" data-widget_type=\"text-editor.default\">\n\t\t\t\t<div class=\"elementor-widget-container\">\n\t\t\t\t\t\t\t\t\t<ul><li><span style=\"text-decoration: underline;\">Premi\u00e8re s\u00e9ance<\/span> : 1h15 \u00e0 1h30\u00a0<\/li><li><span style=\"text-decoration: underline;\">S\u00e9ances de suivi<\/span> : 50 minutes &#8211; la dur\u00e9e d&#8217;un suivi d\u00e9pend de chaque personne, de son \u00e9volution et de ses besoins.\u00a0<\/li><\/ul>\t\t\t\t\t\t\t\t<\/div>\n\t\t\t\t<\/div>\n\t\t\t\t\t<\/div>\n\t\t<\/div>\n\t\t\t\t\t<\/div>\n\t\t<\/section>\n\t\t\t\t<section class=\"elementor-section elementor-top-section elementor-element elementor-element-0b3aeff elementor-section-stretched elementor-section-boxed elementor-section-height-default elementor-section-height-default wpr-particle-no wpr-jarallax-no wpr-parallax-no wpr-sticky-section-no wpr-equal-height-no\" data-id=\"0b3aeff\" data-element_type=\"section\" data-settings=\"{&quot;stretch_section&quot;:&quot;section-stretched&quot;}\">\n\t\t\t\t\t\t<div class=\"elementor-container elementor-column-gap-default\">\n\t\t\t\t\t<div class=\"elementor-column elementor-col-100 elementor-top-column elementor-element elementor-element-95ab036\" data-id=\"95ab036\" data-element_type=\"column\">\n\t\t\t<div class=\"elementor-widget-wrap elementor-element-populated\">\n\t\t\t\t\t\t<div class=\"elementor-element elementor-element-2d28ccc elementor-widget elementor-widget-heading\" data-id=\"2d28ccc\" data-element_type=\"widget\" data-widget_type=\"heading.default\">\n\t\t\t\t<div class=\"elementor-widget-container\">\n\t\t\t\t\t<h2 class=\"elementor-heading-title elementor-size-default\">Tarif\/R\u00e8glement<\/h2>\t\t\t\t<\/div>\n\t\t\t\t<\/div>\n\t\t\t\t\t<\/div>\n\t\t<\/div>\n\t\t\t\t\t<\/div>\n\t\t<\/section>\n\t\t\t\t<section class=\"elementor-section elementor-top-section elementor-element elementor-element-d5d7d18 elementor-section-stretched elementor-section-boxed elementor-section-height-default elementor-section-height-default wpr-particle-no wpr-jarallax-no wpr-parallax-no wpr-sticky-section-no wpr-equal-height-no\" data-id=\"d5d7d18\" data-element_type=\"section\" data-settings=\"{&quot;stretch_section&quot;:&quot;section-stretched&quot;}\">\n\t\t\t\t\t\t<div class=\"elementor-container elementor-column-gap-default\">\n\t\t\t\t\t<div class=\"elementor-column elementor-col-25 elementor-top-column elementor-element elementor-element-7d8be0e\" data-id=\"7d8be0e\" data-element_type=\"column\">\n\t\t\t<div class=\"elementor-widget-wrap elementor-element-populated\">\n\t\t\t\t\t\t<div class=\"elementor-element elementor-element-e9b3548 elementor-view-stacked elementor-shape-circle elementor-position-top elementor-mobile-position-top elementor-widget elementor-widget-icon-box\" data-id=\"e9b3548\" data-element_type=\"widget\" data-widget_type=\"icon-box.default\">\n\t\t\t\t<div class=\"elementor-widget-container\">\n\t\t\t\t\t\t\t<div class=\"elementor-icon-box-wrapper\">\n\n\t\t\t\t\t\t<div class=\"elementor-icon-box-icon\">\n\t\t\t\t<span  class=\"elementor-icon\">\n\t\t\t\t<i aria-hidden=\"true\" class=\"fas fa-euro-sign\"><\/i>\t\t\t\t<\/span>\n\t\t\t<\/div>\n\t\t\t\n\t\t\t\t\t\t<div class=\"elementor-icon-box-content\">\n\n\t\t\t\t\t\t\t\t\t<h3 class=\"elementor-icon-box-title\">\n\t\t\t\t\t\t<span  >\n\t\t\t\t\t\t\tTarif Di\u00e9t\u00e9ticienne Vaucluse\t\t\t\t\t\t<\/span>\n\t\t\t\t\t<\/h3>\n\t\t\t\t\n\t\t\t\t\n\t\t\t<\/div>\n\t\t\t\n\t\t<\/div>\n\t\t\t\t\t\t<\/div>\n\t\t\t\t<\/div>\n\t\t\t\t<div class=\"elementor-element elementor-element-b2dc1b4 elementor-widget elementor-widget-text-editor\" data-id=\"b2dc1b4\" data-element_type=\"widget\" data-widget_type=\"text-editor.default\">\n\t\t\t\t<div class=\"elementor-widget-container\">\n\t\t\t\t\t\t\t\t\t<p>65\u20ac &#8211; premi\u00e8re s\u00e9ance<\/p><p>50\u20ac &#8211; s\u00e9ances de suivi<\/p><p><em>L&#8217;argent ne doit pas \u00eatre un obstacle au bon d\u00e9roulement de votre accompagnement. En cas de difficult\u00e9s, nous fixerons un tarif plus juste pour vous.\u00a0<\/em><\/p>\t\t\t\t\t\t\t\t<\/div>\n\t\t\t\t<\/div>\n\t\t\t\t\t<\/div>\n\t\t<\/div>\n\t\t\t\t<div class=\"elementor-column elementor-col-25 elementor-top-column elementor-element elementor-element-b2a4f1f\" data-id=\"b2a4f1f\" data-element_type=\"column\">\n\t\t\t<div class=\"elementor-widget-wrap elementor-element-populated\">\n\t\t\t\t\t\t<div class=\"elementor-element elementor-element-f90415f elementor-view-stacked elementor-shape-circle elementor-position-top elementor-mobile-position-top elementor-widget elementor-widget-icon-box\" data-id=\"f90415f\" data-element_type=\"widget\" data-widget_type=\"icon-box.default\">\n\t\t\t\t<div class=\"elementor-widget-container\">\n\t\t\t\t\t\t\t<div class=\"elementor-icon-box-wrapper\">\n\n\t\t\t\t\t\t<div class=\"elementor-icon-box-icon\">\n\t\t\t\t<span  class=\"elementor-icon\">\n\t\t\t\t<i aria-hidden=\"true\" class=\"far fa-check-circle\"><\/i>\t\t\t\t<\/span>\n\t\t\t<\/div>\n\t\t\t\n\t\t\t\t\t\t<div class=\"elementor-icon-box-content\">\n\n\t\t\t\t\t\t\t\t\t<h3 class=\"elementor-icon-box-title\">\n\t\t\t\t\t\t<span  >\n\t\t\t\t\t\t\tRemboursement\t\t\t\t\t\t<\/span>\n\t\t\t\t\t<\/h3>\n\t\t\t\t\n\t\t\t\t\n\t\t\t<\/div>\n\t\t\t\n\t\t<\/div>\n\t\t\t\t\t\t<\/div>\n\t\t\t\t<\/div>\n\t\t\t\t<div class=\"elementor-element elementor-element-5e11e9f elementor-widget elementor-widget-text-editor\" data-id=\"5e11e9f\" data-element_type=\"widget\" data-widget_type=\"text-editor.default\">\n\t\t\t\t<div class=\"elementor-widget-container\">\n\t\t\t\t\t\t\t\t\t<p>Les consultations di\u00e9t\u00e9tiques ne sont pas rembours\u00e9es par la s\u00e9curit\u00e9 sociale. Toutefois, certaines mutuelles proposent une prise en charge partielle ou total des s\u00e9ances sur pr\u00e9sentation d&#8217;une facture. Renseignez vous aupr\u00e8s de votre organisme d&#8217;assurance.\u00a0<\/p><p>Mutuelles qui remboursent les soins di\u00e9t\u00e9tiques : <span style=\"color: #800080;\"><a style=\"color: #800080;\" href=\"https:\/\/www.resalib.fr\/remboursement\/mutuelle\/specialite\/302-nutrition\">liste<\/a>\u00a0propos\u00e9e par le site R\u00e9salib<\/span>.\u00a0<\/p><p>\u00a0<\/p>\t\t\t\t\t\t\t\t<\/div>\n\t\t\t\t<\/div>\n\t\t\t\t\t<\/div>\n\t\t<\/div>\n\t\t\t\t<div class=\"elementor-column elementor-col-25 elementor-top-column elementor-element elementor-element-7533676\" data-id=\"7533676\" data-element_type=\"column\">\n\t\t\t<div class=\"elementor-widget-wrap elementor-element-populated\">\n\t\t\t\t\t\t<div class=\"elementor-element elementor-element-c35edec elementor-view-stacked elementor-shape-circle elementor-position-top elementor-mobile-position-top elementor-widget elementor-widget-icon-box\" data-id=\"c35edec\" data-element_type=\"widget\" data-widget_type=\"icon-box.default\">\n\t\t\t\t<div class=\"elementor-widget-container\">\n\t\t\t\t\t\t\t<div class=\"elementor-icon-box-wrapper\">\n\n\t\t\t\t\t\t<div class=\"elementor-icon-box-icon\">\n\t\t\t\t<span  class=\"elementor-icon\">\n\t\t\t\t<i aria-hidden=\"true\" class=\"far fa-question-circle\"><\/i>\t\t\t\t<\/span>\n\t\t\t<\/div>\n\t\t\t\n\t\t\t\t\t\t<div class=\"elementor-icon-box-content\">\n\n\t\t\t\t\t\t\t\t\t<h3 class=\"elementor-icon-box-title\">\n\t\t\t\t\t\t<span  >\n\t\t\t\t\t\t\tMODE DE PAIEMENT\t\t\t\t\t\t<\/span>\n\t\t\t\t\t<\/h3>\n\t\t\t\t\n\t\t\t\t\n\t\t\t<\/div>\n\t\t\t\n\t\t<\/div>\n\t\t\t\t\t\t<\/div>\n\t\t\t\t<\/div>\n\t\t\t\t<div class=\"elementor-element elementor-element-d5c336c elementor-widget elementor-widget-text-editor\" data-id=\"d5c336c\" data-element_type=\"widget\" data-widget_type=\"text-editor.default\">\n\t\t\t\t<div class=\"elementor-widget-container\">\n\t\t\t\t\t\t\t\t\t<p>&#8211; Carte bancaire<br \/>&#8211; Esp\u00e8ces<\/p>\t\t\t\t\t\t\t\t<\/div>\n\t\t\t\t<\/div>\n\t\t\t\t\t<\/div>\n\t\t<\/div>\n\t\t\t\t<div class=\"elementor-column elementor-col-25 elementor-top-column elementor-element elementor-element-ffc5b5f\" data-id=\"ffc5b5f\" data-element_type=\"column\">\n\t\t\t<div class=\"elementor-widget-wrap elementor-element-populated\">\n\t\t\t\t\t\t<div class=\"elementor-element elementor-element-911b237 elementor-view-stacked elementor-shape-circle elementor-position-top elementor-mobile-position-top elementor-widget elementor-widget-icon-box\" data-id=\"911b237\" data-element_type=\"widget\" data-widget_type=\"icon-box.default\">\n\t\t\t\t<div class=\"elementor-widget-container\">\n\t\t\t\t\t\t\t<div class=\"elementor-icon-box-wrapper\">\n\n\t\t\t\t\t\t<div class=\"elementor-icon-box-icon\">\n\t\t\t\t<span  class=\"elementor-icon\">\n\t\t\t\t<i aria-hidden=\"true\" class=\"far fa-clock\"><\/i>\t\t\t\t<\/span>\n\t\t\t<\/div>\n\t\t\t\n\t\t\t\t\t\t<div class=\"elementor-icon-box-content\">\n\n\t\t\t\t\t\t\t\t\t<h3 class=\"elementor-icon-box-title\">\n\t\t\t\t\t\t<span  >\n\t\t\t\t\t\t\tPAIEMENT\t\t\t\t\t\t<\/span>\n\t\t\t\t\t<\/h3>\n\t\t\t\t\n\t\t\t\t\n\t\t\t<\/div>\n\t\t\t\n\t\t<\/div>\n\t\t\t\t\t\t<\/div>\n\t\t\t\t<\/div>\n\t\t\t\t<div class=\"elementor-element elementor-element-debe209 elementor-widget__width-initial elementor-widget elementor-widget-text-editor\" data-id=\"debe209\" data-element_type=\"widget\" data-widget_type=\"text-editor.default\">\n\t\t\t\t<div class=\"elementor-widget-container\">\n\t\t\t\t\t\t\t\t\t<p>Le r\u00e8glement est\u00a0<strong>a effectu\u00e9 avant le RDV<\/strong>\u00a0 ou <b>en d\u00e9but de s\u00e9ance<\/b> lorsque le rendez-vous se d\u00e9roule au cabinet.<\/p><p>\u00a0<\/p>\t\t\t\t\t\t\t\t<\/div>\n\t\t\t\t<\/div>\n\t\t\t\t\t<\/div>\n\t\t<\/div>\n\t\t\t\t\t<\/div>\n\t\t<\/section>\n\t\t\t\t<section class=\"elementor-section elementor-top-section elementor-element elementor-element-228443c elementor-section-stretched elementor-section-boxed elementor-section-height-default elementor-section-height-default wpr-particle-no wpr-jarallax-no wpr-parallax-no wpr-sticky-section-no wpr-equal-height-no\" data-id=\"228443c\" data-element_type=\"section\" data-settings=\"{&quot;stretch_section&quot;:&quot;section-stretched&quot;,&quot;background_background&quot;:&quot;classic&quot;}\">\n\t\t\t\t\t\t<div class=\"elementor-container elementor-column-gap-default\">\n\t\t\t\t\t<div class=\"elementor-column elementor-col-100 elementor-top-column elementor-element elementor-element-6ae45f2\" data-id=\"6ae45f2\" data-element_type=\"column\">\n\t\t\t<div class=\"elementor-widget-wrap elementor-element-populated\">\n\t\t\t\t\t\t<div class=\"elementor-element elementor-element-c4f2351 elementor-widget elementor-widget-heading\" data-id=\"c4f2351\" data-element_type=\"widget\" data-widget_type=\"heading.default\">\n\t\t\t\t<div class=\"elementor-widget-container\">\n\t\t\t\t\t<h2 class=\"elementor-heading-title elementor-size-default\">RESERVATION des consultations chez votre di\u00e9t\u00e9ticienne en Vaucluse et en ligne<\/h2>\t\t\t\t<\/div>\n\t\t\t\t<\/div>\n\t\t\t\t<div class=\"elementor-element elementor-element-606a2d9 elementor-widget elementor-widget-text-editor\" data-id=\"606a2d9\" data-element_type=\"widget\" data-widget_type=\"text-editor.default\">\n\t\t\t\t<div class=\"elementor-widget-container\">\n\t\t\t\t\t\t\t\t\t<p>Prenez votre premier RDV en ligne et en toute autonomie, via le bouton &#8220;Prendre rendez-vous&#8221; ci-dessous.<\/p>\t\t\t\t\t\t\t\t<\/div>\n\t\t\t\t<\/div>\n\t\t\t\t<div class=\"elementor-element elementor-element-b2d37a2 elementor-align-center elementor-widget elementor-widget-button\" data-id=\"b2d37a2\" data-element_type=\"widget\" data-widget_type=\"button.default\">\n\t\t\t\t<div class=\"elementor-widget-container\">\n\t\t\t\t\t\t\t\t\t<div class=\"elementor-button-wrapper\">\n\t\t\t\t\t<a class=\"elementor-button elementor-button-link elementor-size-sm\" href=\"https:\/\/www.madietenligne.fr\/annuaire\/amandine-perrichon\/reservation\">\n\t\t\t\t\t\t<span class=\"elementor-button-content-wrapper\">\n\t\t\t\t\t\t\t\t\t<span class=\"elementor-button-text\">PRENDRE RENDEZ-VOUS<\/span>\n\t\t\t\t\t<\/span>\n\t\t\t\t\t<\/a>\n\t\t\t\t<\/div>\n\t\t\t\t\t\t\t\t<\/div>\n\t\t\t\t<\/div>\n\t\t\t\t<div class=\"elementor-element elementor-element-56b4eeb elementor-widget elementor-widget-text-editor\" data-id=\"56b4eeb\" data-element_type=\"widget\" data-widget_type=\"text-editor.default\">\n\t\t\t\t<div class=\"elementor-widget-container\">\n\t\t\t\t\t\t\t\t\t<p>Vous pouvez me contacter par t\u00e9l\u00e9phone au 06 59 77 31 10\u00a0 ou m&#8217;envoyer un mail \u00e0 contact@psychodi\u00e9t\u00e9tique.fr ou via le <a href=\"https:\/\/psychodietetique.fr\/index.php\/dieteticienne-nutritionniste-carpentras\/\">formulaire de contact<\/a> du site.\u00a0\u00a0<\/p>\t\t\t\t\t\t\t\t<\/div>\n\t\t\t\t<\/div>\n\t\t\t\t\t<\/div>\n\t\t<\/div>\n\t\t\t\t\t<\/div>\n\t\t<\/section>\n\t\t\t\t<section class=\"elementor-section elementor-top-section elementor-element elementor-element-021091b elementor-section-boxed elementor-section-height-default elementor-section-height-default wpr-particle-no wpr-jarallax-no wpr-parallax-no wpr-sticky-section-no wpr-equal-height-no\" data-id=\"021091b\" data-element_type=\"section\" data-settings=\"{&quot;background_background&quot;:&quot;classic&quot;}\">\n\t\t\t\t\t\t<div class=\"elementor-container elementor-column-gap-default\">\n\t\t\t\t\t<div class=\"elementor-column elementor-col-100 elementor-top-column elementor-element elementor-element-ed1b207\" data-id=\"ed1b207\" data-element_type=\"column\">\n\t\t\t<div class=\"elementor-widget-wrap elementor-element-populated\">\n\t\t\t\t\t\t<div class=\"elementor-element elementor-element-875c98d elementor-widget elementor-widget-heading\" data-id=\"875c98d\" data-element_type=\"widget\" data-widget_type=\"heading.default\">\n\t\t\t\t<div class=\"elementor-widget-container\">\n\t\t\t\t\t<h2 class=\"elementor-heading-title elementor-size-large\"><a href=\"https:\/\/psychodietetique.fr\/?page_id=84\">pour aller plus loin...<\/a><\/h2>\t\t\t\t<\/div>\n\t\t\t\t<\/div>\n\t\t\t\t<div class=\"elementor-element elementor-element-8d7ba7c wpr-grid-slider-columns-2 wpr-grid-slider-columns--tablet2 wpr-grid-slider-columns--mobile1 wpr-grid-slider-dots-horizontal wpr-item-styles-inner elementor-widget elementor-widget-wpr-grid\" data-id=\"8d7ba7c\" data-element_type=\"widget\" data-settings=\"{&quot;layout_slider_amount&quot;:&quot;2&quot;,&quot;layout_slides_to_scroll&quot;:2,&quot;layout_slider_amount_tablet&quot;:2,&quot;layout_slider_amount_mobile&quot;:1,&quot;layout_slider_loop&quot;:&quot;yes&quot;}\" data-widget_type=\"wpr-grid.default\">\n\t\t\t\t<div class=\"elementor-widget-container\">\n\t\t\t\t\t<section class=\"wpr-grid elementor-clearfix\" dir=\"ltr\" data-slick=\"{&quot;rtl&quot;:false,&quot;infinite&quot;:true,&quot;speed&quot;:700,&quot;arrows&quot;:true,&quot;dots&quot;:true,&quot;autoplay&quot;:false,&quot;autoplaySpeed&quot;:1000,&quot;pauseOnHover&quot;:&quot;&quot;,&quot;prevArrow&quot;:&quot;#wpr-grid-slider-prev-8d7ba7c&quot;,&quot;nextArrow&quot;:&quot;#wpr-grid-slider-next-8d7ba7c&quot;,&quot;sliderSlidesToScroll&quot;:2,&quot;lightbox&quot;:{&quot;selector&quot;:&quot;article:not(.slick-cloned) .wpr-grid-image-wrap&quot;,&quot;iframeMaxWidth&quot;:&quot;60%&quot;,&quot;hash&quot;:false,&quot;autoplay&quot;:&quot;true&quot;,&quot;pause&quot;:5000,&quot;progressBar&quot;:&quot;true&quot;,&quot;counter&quot;:&quot;true&quot;,&quot;controls&quot;:&quot;true&quot;,&quot;getCaptionFromTitleOrAlt&quot;:&quot;true&quot;,&quot;thumbnail&quot;:&quot;&quot;,&quot;showThumbByDefault&quot;:&quot;&quot;,&quot;share&quot;:&quot;&quot;,&quot;zoom&quot;:&quot;true&quot;,&quot;fullScreen&quot;:&quot;true&quot;,&quot;download&quot;:&quot;true&quot;}}\"><article class=\"wpr-grid-item elementor-clearfix post-4630 post type-post status-publish format-standard has-post-thumbnail hentry category-blog entry has-media\"><div class=\"wpr-grid-item-inner\"><div class=\"wpr-grid-item-above-content elementor-clearfix\"><h2 class=\"wpr-grid-item-title elementor-repeater-item-04b0433 wpr-grid-item-display-block wpr-grid-item-align-left wpr-pointer-none wpr-pointer-line-fx wpr-pointer-fx-fade\"><div class=\"inner-block\"><a target=\"_self\"  href=\"https:\/\/psychodietetique.fr\/index.php\/2024\/01\/23\/maigrir-sans-regime\/\">Peut-on maigrir sans r\u00e9gime?<\/a><\/div><\/h2><\/div><div class=\"wpr-grid-media-wrap wpr-effect-size-medium \" data-overlay-link=\"yes\"><div class=\"wpr-grid-image-wrap\" data-src=\"https:\/\/psychodietetique.fr\/wp-content\/uploads\/2024\/01\/Les-7-clefs-de-votre-suivi-dietetique-1-768x432.webp\" data-img-on-hover=\"\"  data-src-secondary=\"\"><img decoding=\"async\" data-no-lazy=\"1\" src=\"https:\/\/psychodietetique.fr\/wp-content\/uploads\/2024\/01\/Les-7-clefs-de-votre-suivi-dietetique-1-768x432.webp\" alt=\"Maigrir sans r\u00e9gime\" class=\"wpr-anim-timing-ease-default\"><\/div><div class=\"wpr-grid-media-hover wpr-animation-wrap\"><div class=\"wpr-grid-media-hover-bg  wpr-overlay-fade-in wpr-anim-size-large wpr-anim-timing-ease-default wpr-anim-transparency\" data-url=\"https:\/\/psychodietetique.fr\/index.php\/2024\/01\/23\/maigrir-sans-regime\/\"><\/div><div class=\"wpr-cv-container\"><div class=\"wpr-cv-outer\"><div class=\"wpr-cv-inner\"><div class=\"wpr-grid-media-hover-middle elementor-clearfix\"><div class=\"wpr-grid-item-lightbox elementor-repeater-item-8944abd wpr-grid-item-display-block wpr-grid-item-align-center wpr-element-fade-in wpr-anim-size-large wpr-anim-timing-ease-default wpr-anim-transparency\"><div class=\"inner-block\"><span data-src=\"https:\/\/psychodietetique.fr\/wp-content\/uploads\/2024\/01\/Les-7-clefs-de-votre-suivi-dietetique-1-jpg.webp\"><i class=\"fas fa-search\"><\/i><\/span><div class=\"wpr-grid-lightbox-overlay\"><\/div><\/div><\/div><\/div><\/div><\/div><\/div><\/div><\/div><div class=\"wpr-grid-item-below-content elementor-clearfix\"><div class=\"wpr-grid-item-category elementor-repeater-item-66ca227 wpr-grid-item-display-block wpr-grid-item-align-left wpr-pointer-none wpr-pointer-line-fx wpr-pointer-fx-fade wpr-grid-tax-style-1\"><div class=\"inner-block\"><a class=\" wpr-tax-id-1\" href=\"https:\/\/psychodietetique.fr\/index.php\/category\/blog\/\">Blog<\/a><\/div><\/div><div class=\"wpr-grid-item-excerpt elementor-repeater-item-5241605 wpr-grid-item-display-block wpr-grid-item-align-left\"><div class=\"inner-block\"><p>Peut- on maigrir sans r\u00e9gime?&nbsp; Vous m\u2019auriez pos\u00e9 la question il y a plus de 10 ans, je vous aurais...<\/p><\/div><\/div><div class=\"wpr-grid-item-read-more elementor-repeater-item-dc1027d wpr-grid-item-display-block wpr-grid-item-align-left\"><div class=\"inner-block\"><a target=\"_self\" href=\"https:\/\/psychodietetique.fr\/index.php\/2024\/01\/23\/maigrir-sans-regime\/\" class=\"wpr-button-effect wpr-button-none\"><span class=\"wpr-grid-extra-icon-left\"><i aria-hidden=\"true\" class=\"fas fa-external-link-alt\"><\/i><\/span><span>Suite...<\/span><\/a><\/div><\/div><\/div><\/div><\/article><article class=\"wpr-grid-item elementor-clearfix post-4539 post type-post status-publish format-standard has-post-thumbnail hentry category-blog entry has-media\"><div class=\"wpr-grid-item-inner\"><div class=\"wpr-grid-item-above-content elementor-clearfix\"><h2 class=\"wpr-grid-item-title elementor-repeater-item-04b0433 wpr-grid-item-display-block wpr-grid-item-align-left wpr-pointer-none wpr-pointer-line-fx wpr-pointer-fx-fade\"><div class=\"inner-block\"><a target=\"_self\"  href=\"https:\/\/psychodietetique.fr\/index.php\/2023\/12\/13\/poids-d-equilibre\/\">Comment trouver votre poids d\u2019\u00e9quilibre?<\/a><\/div><\/h2><\/div><div class=\"wpr-grid-media-wrap wpr-effect-size-medium \" data-overlay-link=\"yes\"><div class=\"wpr-grid-image-wrap\" data-src=\"https:\/\/psychodietetique.fr\/wp-content\/uploads\/2023\/12\/Comment-trouver-son-poids-de-forme-768x432.webp\" data-img-on-hover=\"\"  data-src-secondary=\"\"><img decoding=\"async\" data-no-lazy=\"1\" src=\"https:\/\/psychodietetique.fr\/wp-content\/uploads\/2023\/12\/Comment-trouver-son-poids-de-forme-768x432.webp\" alt=\"Trouver son poids d&#039;\u00e9quilibre\" class=\"wpr-anim-timing-ease-default\"><\/div><div class=\"wpr-grid-media-hover wpr-animation-wrap\"><div class=\"wpr-grid-media-hover-bg  wpr-overlay-fade-in wpr-anim-size-large wpr-anim-timing-ease-default wpr-anim-transparency\" data-url=\"https:\/\/psychodietetique.fr\/index.php\/2023\/12\/13\/poids-d-equilibre\/\"><\/div><div class=\"wpr-cv-container\"><div class=\"wpr-cv-outer\"><div class=\"wpr-cv-inner\"><div class=\"wpr-grid-media-hover-middle elementor-clearfix\"><div class=\"wpr-grid-item-lightbox elementor-repeater-item-8944abd wpr-grid-item-display-block wpr-grid-item-align-center wpr-element-fade-in wpr-anim-size-large wpr-anim-timing-ease-default wpr-anim-transparency\"><div class=\"inner-block\"><span data-src=\"https:\/\/psychodietetique.fr\/wp-content\/uploads\/2023\/12\/Comment-trouver-son-poids-de-forme-jpg.webp\"><i class=\"fas fa-search\"><\/i><\/span><div class=\"wpr-grid-lightbox-overlay\"><\/div><\/div><\/div><\/div><\/div><\/div><\/div><\/div><\/div><div class=\"wpr-grid-item-below-content elementor-clearfix\"><div class=\"wpr-grid-item-category elementor-repeater-item-66ca227 wpr-grid-item-display-block wpr-grid-item-align-left wpr-pointer-none wpr-pointer-line-fx wpr-pointer-fx-fade wpr-grid-tax-style-1\"><div class=\"inner-block\"><a class=\" wpr-tax-id-1\" href=\"https:\/\/psychodietetique.fr\/index.php\/category\/blog\/\">Blog<\/a><\/div><\/div><div class=\"wpr-grid-item-excerpt elementor-repeater-item-5241605 wpr-grid-item-display-block wpr-grid-item-align-left\"><div class=\"inner-block\"><p>Qu\u2019on se le dise, le principal motif de consultation d\u2019un di\u00e9t\u00e9ticien est la perte de poids.&nbsp; Vous prenez rendez- vous...<\/p><\/div><\/div><div class=\"wpr-grid-item-read-more elementor-repeater-item-dc1027d wpr-grid-item-display-block wpr-grid-item-align-left\"><div class=\"inner-block\"><a target=\"_self\" href=\"https:\/\/psychodietetique.fr\/index.php\/2023\/12\/13\/poids-d-equilibre\/\" class=\"wpr-button-effect wpr-button-none\"><span class=\"wpr-grid-extra-icon-left\"><i aria-hidden=\"true\" class=\"fas fa-external-link-alt\"><\/i><\/span><span>Suite...<\/span><\/a><\/div><\/div><\/div><\/div><\/article><article class=\"wpr-grid-item elementor-clearfix post-3098 post type-post status-publish format-standard has-post-thumbnail hentry category-blog entry has-media\"><div class=\"wpr-grid-item-inner\"><div class=\"wpr-grid-item-above-content elementor-clearfix\"><h2 class=\"wpr-grid-item-title elementor-repeater-item-04b0433 wpr-grid-item-display-block wpr-grid-item-align-left wpr-pointer-none wpr-pointer-line-fx wpr-pointer-fx-fade\"><div class=\"inner-block\"><a target=\"_self\"  href=\"https:\/\/psychodietetique.fr\/index.php\/2023\/07\/31\/troubles-des-conduites-alimentaires\/\">Troubles des Conduites Alimentaires<\/a><\/div><\/h2><\/div><div class=\"wpr-grid-media-wrap wpr-effect-size-medium \" data-overlay-link=\"yes\"><div class=\"wpr-grid-image-wrap\" data-src=\"https:\/\/psychodietetique.fr\/wp-content\/uploads\/2023\/08\/Les-TCA-_-quest-ce-que-cest-768x432.jpg\" data-img-on-hover=\"\"  data-src-secondary=\"\"><img decoding=\"async\" data-no-lazy=\"1\" src=\"https:\/\/psychodietetique.fr\/wp-content\/uploads\/2023\/08\/Les-TCA-_-quest-ce-que-cest-768x432.jpg\" alt=\"Troubles des conduites alimentaires\" class=\"wpr-anim-timing-ease-default\"><\/div><div class=\"wpr-grid-media-hover wpr-animation-wrap\"><div class=\"wpr-grid-media-hover-bg  wpr-overlay-fade-in wpr-anim-size-large wpr-anim-timing-ease-default wpr-anim-transparency\" data-url=\"https:\/\/psychodietetique.fr\/index.php\/2023\/07\/31\/troubles-des-conduites-alimentaires\/\"><\/div><div class=\"wpr-cv-container\"><div class=\"wpr-cv-outer\"><div class=\"wpr-cv-inner\"><div class=\"wpr-grid-media-hover-middle elementor-clearfix\"><div class=\"wpr-grid-item-lightbox elementor-repeater-item-8944abd wpr-grid-item-display-block wpr-grid-item-align-center wpr-element-fade-in wpr-anim-size-large wpr-anim-timing-ease-default wpr-anim-transparency\"><div class=\"inner-block\"><span data-src=\"https:\/\/psychodietetique.fr\/wp-content\/uploads\/2023\/08\/Les-TCA-_-quest-ce-que-cest.jpg\"><i class=\"fas fa-search\"><\/i><\/span><div class=\"wpr-grid-lightbox-overlay\"><\/div><\/div><\/div><\/div><\/div><\/div><\/div><\/div><\/div><div class=\"wpr-grid-item-below-content elementor-clearfix\"><div class=\"wpr-grid-item-category elementor-repeater-item-66ca227 wpr-grid-item-display-block wpr-grid-item-align-left wpr-pointer-none wpr-pointer-line-fx wpr-pointer-fx-fade wpr-grid-tax-style-1\"><div class=\"inner-block\"><a class=\" wpr-tax-id-1\" href=\"https:\/\/psychodietetique.fr\/index.php\/category\/blog\/\">Blog<\/a><\/div><\/div><div class=\"wpr-grid-item-excerpt elementor-repeater-item-5241605 wpr-grid-item-display-block wpr-grid-item-align-left\"><div class=\"inner-block\"><p>On entend de plus en plus parler de TCA ou Troubles des Conduites Alimentaires et c\u2019est une tr\u00e8s bonne chose...<\/p><\/div><\/div><div class=\"wpr-grid-item-read-more elementor-repeater-item-dc1027d wpr-grid-item-display-block wpr-grid-item-align-left\"><div class=\"inner-block\"><a target=\"_self\" href=\"https:\/\/psychodietetique.fr\/index.php\/2023\/07\/31\/troubles-des-conduites-alimentaires\/\" class=\"wpr-button-effect wpr-button-none\"><span class=\"wpr-grid-extra-icon-left\"><i aria-hidden=\"true\" class=\"fas fa-external-link-alt\"><\/i><\/span><span>Suite...<\/span><\/a><\/div><\/div><\/div><\/div><\/article><article class=\"wpr-grid-item elementor-clearfix post-3031 post type-post status-publish format-standard has-post-thumbnail hentry category-blog entry has-media\"><div class=\"wpr-grid-item-inner\"><div class=\"wpr-grid-item-above-content elementor-clearfix\"><h2 class=\"wpr-grid-item-title elementor-repeater-item-04b0433 wpr-grid-item-display-block wpr-grid-item-align-left wpr-pointer-none wpr-pointer-line-fx wpr-pointer-fx-fade\"><div class=\"inner-block\"><a target=\"_self\"  href=\"https:\/\/psychodietetique.fr\/index.php\/2023\/06\/15\/anxiete-et-tca\/\">Anxi\u00e9t\u00e9 et TCA<\/a><\/div><\/h2><\/div><div class=\"wpr-grid-media-wrap wpr-effect-size-medium \" data-overlay-link=\"yes\"><div class=\"wpr-grid-image-wrap\" data-src=\"https:\/\/psychodietetique.fr\/wp-content\/uploads\/2023\/08\/La-place-de-lanxiete-dans-les-TCA-768x432.jpg\" data-img-on-hover=\"\"  data-src-secondary=\"\"><img decoding=\"async\" data-no-lazy=\"1\" src=\"https:\/\/psychodietetique.fr\/wp-content\/uploads\/2023\/08\/La-place-de-lanxiete-dans-les-TCA-768x432.jpg\" alt=\"La place de l&#039;anxi\u00e9t\u00e9 dans les TCA\" class=\"wpr-anim-timing-ease-default\"><\/div><div class=\"wpr-grid-media-hover wpr-animation-wrap\"><div class=\"wpr-grid-media-hover-bg  wpr-overlay-fade-in wpr-anim-size-large wpr-anim-timing-ease-default wpr-anim-transparency\" data-url=\"https:\/\/psychodietetique.fr\/index.php\/2023\/06\/15\/anxiete-et-tca\/\"><\/div><div class=\"wpr-cv-container\"><div class=\"wpr-cv-outer\"><div class=\"wpr-cv-inner\"><div class=\"wpr-grid-media-hover-middle elementor-clearfix\"><div class=\"wpr-grid-item-lightbox elementor-repeater-item-8944abd wpr-grid-item-display-block wpr-grid-item-align-center wpr-element-fade-in wpr-anim-size-large wpr-anim-timing-ease-default wpr-anim-transparency\"><div class=\"inner-block\"><span data-src=\"https:\/\/psychodietetique.fr\/wp-content\/uploads\/2023\/08\/La-place-de-lanxiete-dans-les-TCA.jpg\"><i class=\"fas fa-search\"><\/i><\/span><div class=\"wpr-grid-lightbox-overlay\"><\/div><\/div><\/div><\/div><\/div><\/div><\/div><\/div><\/div><div class=\"wpr-grid-item-below-content elementor-clearfix\"><div class=\"wpr-grid-item-category elementor-repeater-item-66ca227 wpr-grid-item-display-block wpr-grid-item-align-left wpr-pointer-none wpr-pointer-line-fx wpr-pointer-fx-fade wpr-grid-tax-style-1\"><div class=\"inner-block\"><a class=\" wpr-tax-id-1\" href=\"https:\/\/psychodietetique.fr\/index.php\/category\/blog\/\">Blog<\/a><\/div><\/div><div class=\"wpr-grid-item-excerpt elementor-repeater-item-5241605 wpr-grid-item-display-block wpr-grid-item-align-left\"><div class=\"inner-block\"><p>La place de l\u2019anxi\u00e9t\u00e9 dans les TCA Aujourd\u2019hui nous allons aborder le sujet des TCA (Troubles des Conduites Alimentaires) et...<\/p><\/div><\/div><div class=\"wpr-grid-item-read-more elementor-repeater-item-dc1027d wpr-grid-item-display-block wpr-grid-item-align-left\"><div class=\"inner-block\"><a target=\"_self\" href=\"https:\/\/psychodietetique.fr\/index.php\/2023\/06\/15\/anxiete-et-tca\/\" class=\"wpr-button-effect wpr-button-none\"><span class=\"wpr-grid-extra-icon-left\"><i aria-hidden=\"true\" class=\"fas fa-external-link-alt\"><\/i><\/span><span>Suite...<\/span><\/a><\/div><\/div><\/div><\/div><\/article><\/section><div class=\"wpr-grid-slider-arrow-container\"><div class=\"wpr-grid-slider-prev-arrow wpr-grid-slider-arrow\" id=\"wpr-grid-slider-prev-8d7ba7c\"><svg version=\"1.1\" xmlns=\"http:\/\/www.w3.org\/2000\/svg\" xmlns:xlink=\"http:\/\/www.w3.org\/1999\/xlink\" x=\"0px\" y=\"0px\" viewBox=\"0 0 283.4 512\" style=\"enable-background:new 0 0 283.4 512;\" xml:space=\"preserve\"><g><polygon class=\"st0\" points=\"54.5,256.3 283.4,485.1 256.1,512.5 0,256.3 0,256.3 27.2,229 256.1,0 283.4,27.4 \"\/><\/g><\/svg><\/div><div class=\"wpr-grid-slider-next-arrow wpr-grid-slider-arrow\" id=\"wpr-grid-slider-next-8d7ba7c\"><svg version=\"1.1\" xmlns=\"http:\/\/www.w3.org\/2000\/svg\" xmlns:xlink=\"http:\/\/www.w3.org\/1999\/xlink\" x=\"0px\" y=\"0px\" viewBox=\"0 0 283.4 512\" style=\"enable-background:new 0 0 283.4 512;\" xml:space=\"preserve\"><g><polygon class=\"st0\" points=\"54.5,256.3 283.4,485.1 256.1,512.5 0,256.3 0,256.3 27.2,229 256.1,0 283.4,27.4 \"\/><\/g><\/svg><\/div><\/div><div class=\"wpr-grid-slider-dots\"><\/div>\t\t\t\t<\/div>\n\t\t\t\t<\/div>\n\t\t\t\t<div class=\"elementor-element elementor-element-c7a8319 elementor-widget-divider--view-line elementor-widget elementor-widget-divider\" data-id=\"c7a8319\" data-element_type=\"widget\" data-widget_type=\"divider.default\">\n\t\t\t\t<div class=\"elementor-widget-container\">\n\t\t\t\t\t\t\t<div class=\"elementor-divider\">\n\t\t\t<span class=\"elementor-divider-separator\">\n\t\t\t\t\t\t<\/span>\n\t\t<\/div>\n\t\t\t\t\t\t<\/div>\n\t\t\t\t<\/div>\n\t\t\t\t<div class=\"elementor-element elementor-element-9205d7b elementor-align-center elementor-widget elementor-widget-button\" data-id=\"9205d7b\" data-element_type=\"widget\" data-widget_type=\"button.default\">\n\t\t\t\t<div class=\"elementor-widget-container\">\n\t\t\t\t\t\t\t\t\t<div class=\"elementor-button-wrapper\">\n\t\t\t\t\t<a class=\"elementor-button elementor-button-link elementor-size-sm elementor-animation-grow\" href=\"https:\/\/psychodietetique.fr\/?page_id=1241\">\n\t\t\t\t\t\t<span class=\"elementor-button-content-wrapper\">\n\t\t\t\t\t\t\t\t\t<span class=\"elementor-button-text\">Tous les articles<\/span>\n\t\t\t\t\t<\/span>\n\t\t\t\t\t<\/a>\n\t\t\t\t<\/div>\n\t\t\t\t\t\t\t\t<\/div>\n\t\t\t\t<\/div>\n\t\t\t\t\t<\/div>\n\t\t<\/div>\n\t\t\t\t\t<\/div>\n\t\t<\/section>\n\t\t\t\t<\/div>\n\t\t","protected":false},"excerpt":{"rendered":"<p>Consultations et tarif D\u00e9roulement de l&#8217;accompagnement &#8211; Di\u00e9t\u00e9ticienne Nutritionniste en Vaucluse Les consultations se d\u00e9roulent au sein de mes cabinets de di\u00e9t\u00e9ticienne en Vaucluse, \u00e0 Carpentras et \u00e0 Mazan.\u00a0 Pour un travail efficace, un accompagnement psycho-nutritionnel n\u00e9cessite plusieurs s\u00e9ances dont le rythme est d\u00e9fini en fonction de vos besoins lors de votre premier rendez- vous.\u00a0\u00a0 Je recommande une s\u00e9ance chaque 15 jours dans les premi\u00e8res semaines puis cette fr\u00e9quence est modul\u00e9e en fonction de\u00a0 votre \u00e9volution personnelle et de vos besoins La premi\u00e8re s\u00e9ance permet de faire connaissance, vous me partagez votre histoire, vos difficult\u00e9s et je vous propose d\u2019effectuer un bilan sur diff\u00e9rents points cl\u00e9s qui pourront \u00eatre travaill\u00e9s en s\u00e9ances de suivi.\u00a0\u00a0Vous me faites part de vos attentes vis &#8211; \u00e0- vis de cet accompagnement et je vous invite \u00e0 formuler une intention comme un but qui me permettra de vous guider au mieux au travers de diff\u00e9rents axes de travail dans votre parcours d\u2019\u00e9volution.\u00a0 Entre les s\u00e9ances, vous seront recommand\u00e9s des exercices d\u2019observation, d\u2019introspection et d\u2019exploration afin que vous puissiez trouver de nouvelles fa\u00e7ons de fonctionner. PRENDRE RENDEZ-VOUS format de la consultation &#8211; Di\u00e9t\u00e9ticienne en vaucluse Vous avez la possibilit\u00e9 de b\u00e9n\u00e9ficier d&#8217;un suivi en pr\u00e9sentiel \u00e0 Carpentras ou Mazan ou en t\u00e9l\u00e9consultaion.\u00a0 Di\u00e9t\u00e9ticienne Vaucluse &#8211; Carpentras Mercredi S\u00e9ances en pr\u00e9sentiel au cabinet\u00a0 th\u00e9rapeutique de l&#8217;Espace Fenouil. Un lieu d\u00e9di\u00e9 au bien-\u00eatre et\u00a0 \u00e0 l&#8217;\u00e9panouissement personnel.\u00a0 \u00a0 Espace Fenouil 114 rue Emile et Paul Fenouil,84200 Carpentras T\u00e9l\u00e9consultation Mercredi et Samedi Emploi du temps charg\u00e9 ?Vous \u00eates en d\u00e9placement loin de votre domicile ?Ou vous n&#8217;habitez pas \u00e0 proximit\u00e9 du cabinet? Nous pouvons r\u00e9aliser les s\u00e9ances en visioconf\u00e9rence. J&#8217;utilise le logiciel Madietenligne. Accessible facilement via un lien qui vous sera envoy\u00e9 par mail. Di\u00e9t\u00e9ticienne Vaucluse &#8211; Mazan Samedi matin S\u00e9ances au cabinet de La Parent&#8217;Elle. Un espace unique en Vaucluse d\u00e9di\u00e9 au bien-\u00eatre des femmes et \u00e0 l&#8217;accompagnement autour de la p\u00e9rinatalit\u00e9 et la parentalit\u00e9.\u00a0 \u00a0 La Parent&#8217;Elle\u00a0\u00a0 139 Avenue de l&#8217;Europe 84380 Mazan Dur\u00e9e DES SEANCES &#8211; Di\u00e9t\u00e9ticienne Vaucluse Premi\u00e8re s\u00e9ance : 1h15 \u00e0 1h30\u00a0 S\u00e9ances de suivi : 50 minutes &#8211; la dur\u00e9e d&#8217;un suivi d\u00e9pend de chaque personne, de son \u00e9volution et de ses besoins.\u00a0 Tarif\/R\u00e8glement Tarif Di\u00e9t\u00e9ticienne Vaucluse 65\u20ac &#8211; premi\u00e8re s\u00e9ance 50\u20ac &#8211; s\u00e9ances de suivi L&#8217;argent ne doit pas \u00eatre un obstacle au bon d\u00e9roulement de votre accompagnement. En cas de difficult\u00e9s, nous fixerons un tarif plus juste pour vous.\u00a0 Remboursement Les consultations di\u00e9t\u00e9tiques ne sont pas rembours\u00e9es par la s\u00e9curit\u00e9 sociale. Toutefois, certaines mutuelles proposent une prise en charge partielle ou total des s\u00e9ances sur pr\u00e9sentation d&#8217;une facture. Renseignez vous aupr\u00e8s de votre organisme d&#8217;assurance.\u00a0 Mutuelles qui remboursent les soins di\u00e9t\u00e9tiques : liste\u00a0propos\u00e9e par le site R\u00e9salib.\u00a0 \u00a0 MODE DE PAIEMENT &#8211; Carte bancaire&#8211; Esp\u00e8ces PAIEMENT Le r\u00e8glement est\u00a0a effectu\u00e9 avant le RDV\u00a0 ou en d\u00e9but de s\u00e9ance lorsque le rendez-vous se d\u00e9roule au cabinet. \u00a0 RESERVATION des consultations chez votre di\u00e9t\u00e9ticienne en Vaucluse et en ligne Prenez votre premier RDV en ligne et en toute autonomie, via le bouton &#8220;Prendre rendez-vous&#8221; ci-dessous. PRENDRE RENDEZ-VOUS Vous pouvez me contacter par t\u00e9l\u00e9phone au 06 59 77 31 10\u00a0 ou m&#8217;envoyer un mail \u00e0 contact@psychodi\u00e9t\u00e9tique.fr ou via le formulaire de contact du site.\u00a0\u00a0 pour aller plus loin&#8230; Peut-on maigrir sans r\u00e9gime? Blog Peut- on maigrir sans r\u00e9gime?&nbsp; Vous m\u2019auriez pos\u00e9 la question il y a plus de 10 ans, je vous aurais&#8230; Suite&#8230; Comment trouver votre poids d\u2019\u00e9quilibre? Blog Qu\u2019on se le dise, le principal motif de consultation d\u2019un di\u00e9t\u00e9ticien est la perte de poids.&nbsp; Vous prenez rendez- vous&#8230; Suite&#8230; Troubles des Conduites Alimentaires Blog On entend de plus en plus parler de TCA ou Troubles des Conduites Alimentaires et c\u2019est une tr\u00e8s bonne chose&#8230; Suite&#8230; Anxi\u00e9t\u00e9 et TCA Blog La place de l\u2019anxi\u00e9t\u00e9 dans les TCA Aujourd\u2019hui nous allons aborder le sujet des TCA (Troubles des Conduites Alimentaires) et&#8230; Suite&#8230; Tous les articles<\/p>\n","protected":false},"author":2,"featured_media":1482,"parent":0,"menu_order":0,"comment_status":"closed","ping_status":"closed","template":"elementor_header_footer","meta":{"ocean_post_layout":"","ocean_both_sidebars_style":"","ocean_both_sidebars_content_width":0,"ocean_both_sidebars_sidebars_width":0,"ocean_sidebar":"0","ocean_second_sidebar":"0","ocean_disable_margins":"enable","ocean_add_body_class":"","ocean_shortcode_before_top_bar":"","ocean_shortcode_after_top_bar":"","ocean_shortcode_before_header":"","ocean_shortcode_after_header":"","ocean_has_shortcode":"","ocean_shortcode_after_title":"","ocean_shortcode_before_footer_widgets":"","ocean_shortcode_after_footer_widgets":"","ocean_shortcode_before_footer_bottom":"","ocean_shortcode_after_footer_bottom":"","ocean_display_top_bar":"default","ocean_display_header":"default","ocean_header_style":"","ocean_center_header_left_menu":"0","ocean_custom_header_template":"0","ocean_custom_logo":0,"ocean_custom_retina_logo":0,"ocean_custom_logo_max_width":0,"ocean_custom_logo_tablet_max_width":0,"ocean_custom_logo_mobile_max_width":0,"ocean_custom_logo_max_height":0,"ocean_custom_logo_tablet_max_height":0,"ocean_custom_logo_mobile_max_height":0,"ocean_header_custom_menu":"0","ocean_menu_typo_font_family":"0","ocean_menu_typo_font_subset":"","ocean_menu_typo_font_size":0,"ocean_menu_typo_font_size_tablet":0,"ocean_menu_typo_font_size_mobile":0,"ocean_menu_typo_font_size_unit":"px","ocean_menu_typo_font_weight":"","ocean_menu_typo_font_weight_tablet":"","ocean_menu_typo_font_weight_mobile":"","ocean_menu_typo_transform":"","ocean_menu_typo_transform_tablet":"","ocean_menu_typo_transform_mobile":"","ocean_menu_typo_line_height":0,"ocean_menu_typo_line_height_tablet":0,"ocean_menu_typo_line_height_mobile":0,"ocean_menu_typo_line_height_unit":"","ocean_menu_typo_spacing":0,"ocean_menu_typo_spacing_tablet":0,"ocean_menu_typo_spacing_mobile":0,"ocean_menu_typo_spacing_unit":"","ocean_menu_link_color":"","ocean_menu_link_color_hover":"","ocean_menu_link_color_active":"","ocean_menu_link_background":"","ocean_menu_link_hover_background":"","ocean_menu_link_active_background":"","ocean_menu_social_links_bg":"","ocean_menu_social_hover_links_bg":"","ocean_menu_social_links_color":"","ocean_menu_social_hover_links_color":"","ocean_disable_title":"default","ocean_disable_heading":"default","ocean_post_title":"","ocean_post_subheading":"","ocean_post_title_style":"","ocean_post_title_background_color":"","ocean_post_title_background":0,"ocean_post_title_bg_image_position":"","ocean_post_title_bg_image_attachment":"","ocean_post_title_bg_image_repeat":"","ocean_post_title_bg_image_size":"","ocean_post_title_height":0,"ocean_post_title_bg_overlay":0.5,"ocean_post_title_bg_overlay_color":"","ocean_disable_breadcrumbs":"default","ocean_breadcrumbs_color":"","ocean_breadcrumbs_separator_color":"","ocean_breadcrumbs_links_color":"","ocean_breadcrumbs_links_hover_color":"","ocean_display_footer_widgets":"default","ocean_display_footer_bottom":"default","ocean_custom_footer_template":"0","footnotes":""},"yoast_head":"<!-- This site is optimized with the Yoast SEO plugin v23.5 - https:\/\/yoast.com\/wordpress\/plugins\/seo\/ -->\n<title>Di\u00e9t\u00e9ticienne Vaucluse - Psychodi\u00e9t\u00e9tique.fr<\/title>\n<meta name=\"description\" content=\"Di\u00e9t\u00e9ticienne en Vaucluse. Accompagnement au processus de changement : probl\u00e9matiques li\u00e9es au poids, compulsions alimentaires et TCA.\" \/>\n<meta name=\"robots\" content=\"index, follow, max-snippet:-1, max-image-preview:large, max-video-preview:-1\" \/>\n<link rel=\"canonical\" href=\"https:\/\/psychodietetique.fr\/index.php\/dieteticienne-vaucluse\/\" \/>\n<meta property=\"og:locale\" content=\"en_US\" \/>\n<meta property=\"og:type\" content=\"article\" \/>\n<meta property=\"og:title\" content=\"Di\u00e9t\u00e9ticienne Vaucluse - Psychodi\u00e9t\u00e9tique.fr\" \/>\n<meta property=\"og:description\" content=\"Di\u00e9t\u00e9ticienne en Vaucluse. Accompagnement au processus de changement : probl\u00e9matiques li\u00e9es au poids, compulsions alimentaires et TCA.\" \/>\n<meta property=\"og:url\" content=\"https:\/\/psychodietetique.fr\/index.php\/dieteticienne-vaucluse\/\" \/>\n<meta property=\"og:site_name\" content=\"Psychodi\u00e9t\u00e9tique.fr\" \/>\n<meta property=\"article:modified_time\" content=\"2025-10-27T09:20:06+00:00\" \/>\n<meta property=\"og:image\" content=\"https:\/\/psychodietetique.fr\/wp-content\/uploads\/2023\/08\/Logo-seul-transparent-1.png\" \/>\n\t<meta property=\"og:image:width\" content=\"1000\" \/>\n\t<meta property=\"og:image:height\" content=\"1000\" \/>\n\t<meta property=\"og:image:type\" content=\"image\/png\" \/>\n<meta name=\"twitter:card\" content=\"summary_large_image\" \/>\n<meta name=\"twitter:label1\" content=\"Est. reading time\" \/>\n\t<meta name=\"twitter:data1\" content=\"6 minutes\" \/>\n<script type=\"application\/ld+json\" class=\"yoast-schema-graph\">{\"@context\":\"https:\/\/schema.org\",\"@graph\":[{\"@type\":\"WebPage\",\"@id\":\"https:\/\/psychodietetique.fr\/index.php\/dieteticienne-vaucluse\/\",\"url\":\"https:\/\/psychodietetique.fr\/index.php\/dieteticienne-vaucluse\/\",\"name\":\"Di\u00e9t\u00e9ticienne Vaucluse - Psychodi\u00e9t\u00e9tique.fr\",\"isPartOf\":{\"@id\":\"https:\/\/psychodietetique.fr\/#website\"},\"primaryImageOfPage\":{\"@id\":\"https:\/\/psychodietetique.fr\/index.php\/dieteticienne-vaucluse\/#primaryimage\"},\"image\":{\"@id\":\"https:\/\/psychodietetique.fr\/index.php\/dieteticienne-vaucluse\/#primaryimage\"},\"thumbnailUrl\":\"https:\/\/psychodietetique.fr\/wp-content\/uploads\/2023\/08\/Logo-seul-transparent-1.png\",\"datePublished\":\"2023-08-28T05:05:03+00:00\",\"dateModified\":\"2025-10-27T09:20:06+00:00\",\"description\":\"Di\u00e9t\u00e9ticienne en Vaucluse. Accompagnement au processus de changement : probl\u00e9matiques li\u00e9es au poids, compulsions alimentaires et TCA.\",\"breadcrumb\":{\"@id\":\"https:\/\/psychodietetique.fr\/index.php\/dieteticienne-vaucluse\/#breadcrumb\"},\"inLanguage\":\"en-US\",\"potentialAction\":[{\"@type\":\"ReadAction\",\"target\":[\"https:\/\/psychodietetique.fr\/index.php\/dieteticienne-vaucluse\/\"]}]},{\"@type\":\"ImageObject\",\"inLanguage\":\"en-US\",\"@id\":\"https:\/\/psychodietetique.fr\/index.php\/dieteticienne-vaucluse\/#primaryimage\",\"url\":\"https:\/\/psychodietetique.fr\/wp-content\/uploads\/2023\/08\/Logo-seul-transparent-1.png\",\"contentUrl\":\"https:\/\/psychodietetique.fr\/wp-content\/uploads\/2023\/08\/Logo-seul-transparent-1.png\",\"width\":1000,\"height\":1000,\"caption\":\"di\u00e9t\u00e9ticienne vaucluse\"},{\"@type\":\"BreadcrumbList\",\"@id\":\"https:\/\/psychodietetique.fr\/index.php\/dieteticienne-vaucluse\/#breadcrumb\",\"itemListElement\":[{\"@type\":\"ListItem\",\"position\":1,\"name\":\"Accueil\",\"item\":\"https:\/\/psychodietetique.fr\/\"},{\"@type\":\"ListItem\",\"position\":2,\"name\":\"Consultations et tarifs\"}]},{\"@type\":\"WebSite\",\"@id\":\"https:\/\/psychodietetique.fr\/#website\",\"url\":\"https:\/\/psychodietetique.fr\/\",\"name\":\"Psychodi\u00e9t\u00e9tique.fr\",\"description\":\"Di\u00e9t\u00e9ticienne-Nutrionniste\",\"publisher\":{\"@id\":\"https:\/\/psychodietetique.fr\/#organization\"},\"potentialAction\":[{\"@type\":\"SearchAction\",\"target\":{\"@type\":\"EntryPoint\",\"urlTemplate\":\"https:\/\/psychodietetique.fr\/?s={search_term_string}\"},\"query-input\":{\"@type\":\"PropertyValueSpecification\",\"valueRequired\":true,\"valueName\":\"search_term_string\"}}],\"inLanguage\":\"en-US\"},{\"@type\":\"Organization\",\"@id\":\"https:\/\/psychodietetique.fr\/#organization\",\"name\":\"Psychodi\u00e9t\u00e9tique.fr\",\"url\":\"https:\/\/psychodietetique.fr\/\",\"logo\":{\"@type\":\"ImageObject\",\"inLanguage\":\"en-US\",\"@id\":\"https:\/\/psychodietetique.fr\/#\/schema\/logo\/image\/\",\"url\":\"https:\/\/psychodietetique.fr\/wp-content\/uploads\/2023\/08\/Logo-seul-transparent-1.png\",\"contentUrl\":\"https:\/\/psychodietetique.fr\/wp-content\/uploads\/2023\/08\/Logo-seul-transparent-1.png\",\"width\":1000,\"height\":1000,\"caption\":\"Psychodi\u00e9t\u00e9tique.fr\"},\"image\":{\"@id\":\"https:\/\/psychodietetique.fr\/#\/schema\/logo\/image\/\"}}]}<\/script>\n<!-- \/ Yoast SEO plugin. -->","yoast_head_json":{"title":"Di\u00e9t\u00e9ticienne Vaucluse - Psychodi\u00e9t\u00e9tique.fr","description":"Di\u00e9t\u00e9ticienne en Vaucluse. Accompagnement au processus de changement : probl\u00e9matiques li\u00e9es au poids, compulsions alimentaires et TCA.","robots":{"index":"index","follow":"follow","max-snippet":"max-snippet:-1","max-image-preview":"max-image-preview:large","max-video-preview":"max-video-preview:-1"},"canonical":"https:\/\/psychodietetique.fr\/index.php\/dieteticienne-vaucluse\/","og_locale":"en_US","og_type":"article","og_title":"Di\u00e9t\u00e9ticienne Vaucluse - Psychodi\u00e9t\u00e9tique.fr","og_description":"Di\u00e9t\u00e9ticienne en Vaucluse. Accompagnement au processus de changement : probl\u00e9matiques li\u00e9es au poids, compulsions alimentaires et TCA.","og_url":"https:\/\/psychodietetique.fr\/index.php\/dieteticienne-vaucluse\/","og_site_name":"Psychodi\u00e9t\u00e9tique.fr","article_modified_time":"2025-10-27T09:20:06+00:00","og_image":[{"width":1000,"height":1000,"url":"https:\/\/psychodietetique.fr\/wp-content\/uploads\/2023\/08\/Logo-seul-transparent-1.png","type":"image\/png"}],"twitter_card":"summary_large_image","twitter_misc":{"Est. reading time":"6 minutes"},"schema":{"@context":"https:\/\/schema.org","@graph":[{"@type":"WebPage","@id":"https:\/\/psychodietetique.fr\/index.php\/dieteticienne-vaucluse\/","url":"https:\/\/psychodietetique.fr\/index.php\/dieteticienne-vaucluse\/","name":"Di\u00e9t\u00e9ticienne Vaucluse - Psychodi\u00e9t\u00e9tique.fr","isPartOf":{"@id":"https:\/\/psychodietetique.fr\/#website"},"primaryImageOfPage":{"@id":"https:\/\/psychodietetique.fr\/index.php\/dieteticienne-vaucluse\/#primaryimage"},"image":{"@id":"https:\/\/psychodietetique.fr\/index.php\/dieteticienne-vaucluse\/#primaryimage"},"thumbnailUrl":"https:\/\/psychodietetique.fr\/wp-content\/uploads\/2023\/08\/Logo-seul-transparent-1.png","datePublished":"2023-08-28T05:05:03+00:00","dateModified":"2025-10-27T09:20:06+00:00","description":"Di\u00e9t\u00e9ticienne en Vaucluse. Accompagnement au processus de changement : probl\u00e9matiques li\u00e9es au poids, compulsions alimentaires et TCA.","breadcrumb":{"@id":"https:\/\/psychodietetique.fr\/index.php\/dieteticienne-vaucluse\/#breadcrumb"},"inLanguage":"en-US","potentialAction":[{"@type":"ReadAction","target":["https:\/\/psychodietetique.fr\/index.php\/dieteticienne-vaucluse\/"]}]},{"@type":"ImageObject","inLanguage":"en-US","@id":"https:\/\/psychodietetique.fr\/index.php\/dieteticienne-vaucluse\/#primaryimage","url":"https:\/\/psychodietetique.fr\/wp-content\/uploads\/2023\/08\/Logo-seul-transparent-1.png","contentUrl":"https:\/\/psychodietetique.fr\/wp-content\/uploads\/2023\/08\/Logo-seul-transparent-1.png","width":1000,"height":1000,"caption":"di\u00e9t\u00e9ticienne vaucluse"},{"@type":"BreadcrumbList","@id":"https:\/\/psychodietetique.fr\/index.php\/dieteticienne-vaucluse\/#breadcrumb","itemListElement":[{"@type":"ListItem","position":1,"name":"Accueil","item":"https:\/\/psychodietetique.fr\/"},{"@type":"ListItem","position":2,"name":"Consultations et tarifs"}]},{"@type":"WebSite","@id":"https:\/\/psychodietetique.fr\/#website","url":"https:\/\/psychodietetique.fr\/","name":"Psychodi\u00e9t\u00e9tique.fr","description":"Di\u00e9t\u00e9ticienne-Nutrionniste","publisher":{"@id":"https:\/\/psychodietetique.fr\/#organization"},"potentialAction":[{"@type":"SearchAction","target":{"@type":"EntryPoint","urlTemplate":"https:\/\/psychodietetique.fr\/?s={search_term_string}"},"query-input":{"@type":"PropertyValueSpecification","valueRequired":true,"valueName":"search_term_string"}}],"inLanguage":"en-US"},{"@type":"Organization","@id":"https:\/\/psychodietetique.fr\/#organization","name":"Psychodi\u00e9t\u00e9tique.fr","url":"https:\/\/psychodietetique.fr\/","logo":{"@type":"ImageObject","inLanguage":"en-US","@id":"https:\/\/psychodietetique.fr\/#\/schema\/logo\/image\/","url":"https:\/\/psychodietetique.fr\/wp-content\/uploads\/2023\/08\/Logo-seul-transparent-1.png","contentUrl":"https:\/\/psychodietetique.fr\/wp-content\/uploads\/2023\/08\/Logo-seul-transparent-1.png","width":1000,"height":1000,"caption":"Psychodi\u00e9t\u00e9tique.fr"},"image":{"@id":"https:\/\/psychodietetique.fr\/#\/schema\/logo\/image\/"}}]}},"_links":{"self":[{"href":"https:\/\/psychodietetique.fr\/index.php\/wp-json\/wp\/v2\/pages\/1253"}],"collection":[{"href":"https:\/\/psychodietetique.fr\/index.php\/wp-json\/wp\/v2\/pages"}],"about":[{"href":"https:\/\/psychodietetique.fr\/index.php\/wp-json\/wp\/v2\/types\/page"}],"author":[{"embeddable":true,"href":"https:\/\/psychodietetique.fr\/index.php\/wp-json\/wp\/v2\/users\/2"}],"replies":[{"embeddable":true,"href":"https:\/\/psychodietetique.fr\/index.php\/wp-json\/wp\/v2\/comments?post=1253"}],"version-history":[{"count":161,"href":"https:\/\/psychodietetique.fr\/index.php\/wp-json\/wp\/v2\/pages\/1253\/revisions"}],"predecessor-version":[{"id":5198,"href":"https:\/\/psychodietetique.fr\/index.php\/wp-json\/wp\/v2\/pages\/1253\/revisions\/5198"}],"wp:featuredmedia":[{"embeddable":true,"href":"https:\/\/psychodietetique.fr\/index.php\/wp-json\/wp\/v2\/media\/1482"}],"wp:attachment":[{"href":"https:\/\/psychodietetique.fr\/index.php\/wp-json\/wp\/v2\/media?parent=1253"}],"curies":[{"name":"wp","href":"https:\/\/api.w.org\/{rel}","templated":true}]}}