{"id":1257,"date":"2023-08-28T07:06:11","date_gmt":"2023-08-28T05:06:11","guid":{"rendered":"https:\/\/psychodietetique.fr\/?page_id=1257"},"modified":"2025-10-27T10:16:44","modified_gmt":"2025-10-27T09:16:44","slug":"dieteticienne-nutritionniste-vaucluse","status":"publish","type":"page","link":"https:\/\/psychodietetique.fr\/index.php\/dieteticienne-nutritionniste-vaucluse\/","title":{"rendered":"Mes outils"},"content":{"rendered":"\t\t<div data-elementor-type=\"wp-page\" data-elementor-id=\"1257\" class=\"elementor elementor-1257\">\n\t\t\t\t\t\t<section class=\"elementor-section elementor-top-section elementor-element elementor-element-201bf18 elementor-section-boxed elementor-section-height-default elementor-section-height-default wpr-particle-no wpr-jarallax-no wpr-parallax-no wpr-sticky-section-no wpr-equal-height-no\" data-id=\"201bf18\" data-element_type=\"section\">\n\t\t\t\t\t\t<div class=\"elementor-container elementor-column-gap-default\">\n\t\t\t\t\t<div class=\"elementor-column elementor-col-100 elementor-top-column elementor-element elementor-element-ddeccb9\" data-id=\"ddeccb9\" data-element_type=\"column\">\n\t\t\t<div class=\"elementor-widget-wrap elementor-element-populated\">\n\t\t\t\t\t\t<div class=\"elementor-element elementor-element-535acdb elementor-widget elementor-widget-heading\" data-id=\"535acdb\" data-element_type=\"widget\" data-widget_type=\"heading.default\">\n\t\t\t\t<div class=\"elementor-widget-container\">\n\t\t\t\t\t<h1 class=\"elementor-heading-title elementor-size-default\">Mes outils<\/h1>\t\t\t\t<\/div>\n\t\t\t\t<\/div>\n\t\t\t\t\t<\/div>\n\t\t<\/div>\n\t\t\t\t\t<\/div>\n\t\t<\/section>\n\t\t\t\t<section class=\"elementor-section elementor-top-section elementor-element elementor-element-b2f1132 elementor-section-boxed elementor-section-height-default elementor-section-height-default wpr-particle-no wpr-jarallax-no wpr-parallax-no wpr-sticky-section-no wpr-equal-height-no\" data-id=\"b2f1132\" data-element_type=\"section\">\n\t\t\t\t\t\t<div class=\"elementor-container elementor-column-gap-default\">\n\t\t\t\t\t<div class=\"elementor-column elementor-col-100 elementor-top-column elementor-element elementor-element-68c6719\" data-id=\"68c6719\" data-element_type=\"column\">\n\t\t\t<div class=\"elementor-widget-wrap elementor-element-populated\">\n\t\t\t\t\t\t<div class=\"elementor-element elementor-element-387e0e2 elementor-widget elementor-widget-heading\" data-id=\"387e0e2\" data-element_type=\"widget\" data-widget_type=\"heading.default\">\n\t\t\t\t<div class=\"elementor-widget-container\">\n\t\t\t\t\t<h2 class=\"elementor-heading-title elementor-size-default\">Votre di\u00e9t\u00e9ticienne-nutritionniste<\/h2>\t\t\t\t<\/div>\n\t\t\t\t<\/div>\n\t\t\t\t<section class=\"elementor-section elementor-inner-section elementor-element elementor-element-84faf71 elementor-section-boxed elementor-section-height-default elementor-section-height-default wpr-particle-no wpr-jarallax-no wpr-parallax-no wpr-sticky-section-no wpr-equal-height-no\" data-id=\"84faf71\" data-element_type=\"section\">\n\t\t\t\t\t\t<div class=\"elementor-container elementor-column-gap-default\">\n\t\t\t\t\t<div class=\"elementor-column elementor-col-50 elementor-inner-column elementor-element elementor-element-1dc3ef3\" data-id=\"1dc3ef3\" data-element_type=\"column\">\n\t\t\t<div class=\"elementor-widget-wrap elementor-element-populated\">\n\t\t\t\t\t\t<div class=\"elementor-element elementor-element-c08d301 elementor-widget elementor-widget-image\" data-id=\"c08d301\" data-element_type=\"widget\" data-widget_type=\"image.default\">\n\t\t\t\t<div class=\"elementor-widget-container\">\n\t\t\t\t\t\t\t\t\t\t\t\t\t\t\t<img fetchpriority=\"high\" decoding=\"async\" width=\"300\" height=\"293\" src=\"https:\/\/psychodietetique.fr\/wp-content\/uploads\/2023\/08\/photo-amandine-Modifie-300x293.jpg\" class=\"attachment-medium size-medium wp-image-1407\" alt=\"di\u00e9t\u00e9ticienne en ligne\" srcset=\"https:\/\/psychodietetique.fr\/wp-content\/uploads\/2023\/08\/photo-amandine-Modifie-300x293.jpg 300w, https:\/\/psychodietetique.fr\/wp-content\/uploads\/2023\/08\/photo-amandine-Modifie.jpg 750w\" sizes=\"(max-width: 300px) 100vw, 300px\" \/>\t\t\t\t\t\t\t\t\t\t\t\t\t\t\t<\/div>\n\t\t\t\t<\/div>\n\t\t\t\t\t<\/div>\n\t\t<\/div>\n\t\t\t\t<div class=\"elementor-column elementor-col-50 elementor-inner-column elementor-element elementor-element-b0e3f7e\" data-id=\"b0e3f7e\" data-element_type=\"column\">\n\t\t\t<div class=\"elementor-widget-wrap elementor-element-populated\">\n\t\t\t\t\t\t<div class=\"elementor-element elementor-element-f71e7e4 elementor-widget elementor-widget-text-editor\" data-id=\"f71e7e4\" data-element_type=\"widget\" data-widget_type=\"text-editor.default\">\n\t\t\t\t<div class=\"elementor-widget-container\">\n\t\t\t\t\t\t\t\t\t<p dir=\"ltr\">Le premier outil que j\u2019utilise en consultation c\u2019est moi-m\u00eame. J\u2019ai la conviction que quelque soit la formation, la m\u00e9thode ou les outils utilis\u00e9s. Ils ne peuvent \u00eatre dissoci\u00e9s de la personne qui les met au service du mieux-\u00eatre de ses patients.\u00a0<\/p>\t\t\t\t\t\t\t\t<\/div>\n\t\t\t\t<\/div>\n\t\t\t\t\t<\/div>\n\t\t<\/div>\n\t\t\t\t\t<\/div>\n\t\t<\/section>\n\t\t\t\t<div class=\"elementor-element elementor-element-863b926 elementor-widget elementor-widget-text-editor\" data-id=\"863b926\" data-element_type=\"widget\" data-widget_type=\"text-editor.default\">\n\t\t\t\t<div class=\"elementor-widget-container\">\n\t\t\t\t\t\t\t\t\t<p dir=\"ltr\">Au-del\u00e0 de mes formations et acquis m\u00e9thodologiques. C\u2019est mon exp\u00e9rience de vie et mes ressentis vis-\u00e0-vis de ce que vous exprimez en s\u00e9ance que je mets au service de votre accompagnement. Je me dois de ne pas confondre et m\u00e9langer les affects qui vous appartiennent, de ceux qui m&#8217;appartiennent.<\/p><p dir=\"ltr\">C\u2019est pourquoi je suis supervis\u00e9e chaque mois par <span style=\"color: #800080;\"><a style=\"color: #800080;\" href=\"https:\/\/zoedesbouis.com\/#\">Zo\u00e9 Desbouis<\/a><\/span>, di\u00e9t\u00e9ticienne sp\u00e9cialis\u00e9e en di\u00e9t\u00e9tique comportementale.\u00a0 La supervision permet de prendre du recul sur ce que nous pouvons ressentir en tant que th\u00e9rapeute vis- \u00e0- vis du v\u00e9cu\u00a0 de nos patients.\u00a0 Elle soutient la pratique professionnelle et aide \u00e0 l&#8217;am\u00e9lioration constante des pratiques. Et ainsi veiller \u00e0 la qualit\u00e9 ainsi qu&#8217; \u00e0 l\u2019\u00e9thique du soin di\u00e9t\u00e9tique.\u00a0<\/p>\t\t\t\t\t\t\t\t<\/div>\n\t\t\t\t<\/div>\n\t\t\t\t\t<\/div>\n\t\t<\/div>\n\t\t\t\t\t<\/div>\n\t\t<\/section>\n\t\t\t\t<section class=\"elementor-section elementor-top-section elementor-element elementor-element-897b625 elementor-section-boxed elementor-section-height-default elementor-section-height-default wpr-particle-no wpr-jarallax-no wpr-parallax-no wpr-sticky-section-no wpr-equal-height-no\" data-id=\"897b625\" data-element_type=\"section\" data-settings=\"{&quot;background_background&quot;:&quot;classic&quot;}\">\n\t\t\t\t\t\t<div class=\"elementor-container elementor-column-gap-default\">\n\t\t\t\t\t<div class=\"elementor-column elementor-col-100 elementor-top-column elementor-element elementor-element-0b8bf3a\" data-id=\"0b8bf3a\" data-element_type=\"column\">\n\t\t\t<div class=\"elementor-widget-wrap elementor-element-populated\">\n\t\t\t\t\t\t<div class=\"elementor-element elementor-element-fd35bcf elementor-widget elementor-widget-heading\" data-id=\"fd35bcf\" data-element_type=\"widget\" data-widget_type=\"heading.default\">\n\t\t\t\t<div class=\"elementor-widget-container\">\n\t\t\t\t\t<h2 class=\"elementor-heading-title elementor-size-default\">La libre expression et l\u2019\u00e9coute bienveillante<\/h2>\t\t\t\t<\/div>\n\t\t\t\t<\/div>\n\t\t\t\t<section class=\"elementor-section elementor-inner-section elementor-element elementor-element-fae2c6a elementor-section-boxed elementor-section-height-default elementor-section-height-default wpr-particle-no wpr-jarallax-no wpr-parallax-no wpr-sticky-section-no wpr-equal-height-no\" data-id=\"fae2c6a\" data-element_type=\"section\">\n\t\t\t\t\t\t<div class=\"elementor-container elementor-column-gap-default\">\n\t\t\t\t\t<div class=\"elementor-column elementor-col-50 elementor-inner-column elementor-element elementor-element-e4583b2\" data-id=\"e4583b2\" data-element_type=\"column\">\n\t\t\t<div class=\"elementor-widget-wrap elementor-element-populated\">\n\t\t\t\t\t\t<div class=\"elementor-element elementor-element-5e23085 elementor-widget__width-initial elementor-widget elementor-widget-image\" data-id=\"5e23085\" data-element_type=\"widget\" data-widget_type=\"image.default\">\n\t\t\t\t<div class=\"elementor-widget-container\">\n\t\t\t\t\t\t\t\t\t\t\t\t\t\t\t<img decoding=\"async\" width=\"300\" height=\"197\" src=\"https:\/\/psychodietetique.fr\/wp-content\/uploads\/2023\/09\/consultation-300x197.webp\" class=\"attachment-medium size-medium wp-image-3484\" alt=\"Consultation di\u00e9t\u00e9ticienne Carpentras\" srcset=\"https:\/\/psychodietetique.fr\/wp-content\/uploads\/2023\/09\/consultation-300x197.webp 300w, https:\/\/psychodietetique.fr\/wp-content\/uploads\/2023\/09\/consultation-1024x672.webp 1024w, https:\/\/psychodietetique.fr\/wp-content\/uploads\/2023\/09\/consultation-768x504.webp 768w, https:\/\/psychodietetique.fr\/wp-content\/uploads\/2023\/09\/consultation-jpg.webp 1200w\" sizes=\"(max-width: 300px) 100vw, 300px\" \/>\t\t\t\t\t\t\t\t\t\t\t\t\t\t\t<\/div>\n\t\t\t\t<\/div>\n\t\t\t\t\t<\/div>\n\t\t<\/div>\n\t\t\t\t<div class=\"elementor-column elementor-col-50 elementor-inner-column elementor-element elementor-element-640459c\" data-id=\"640459c\" data-element_type=\"column\">\n\t\t\t<div class=\"elementor-widget-wrap elementor-element-populated\">\n\t\t\t\t\t\t<div class=\"elementor-element elementor-element-5207dd4 elementor-widget elementor-widget-text-editor\" data-id=\"5207dd4\" data-element_type=\"widget\" data-widget_type=\"text-editor.default\">\n\t\t\t\t<div class=\"elementor-widget-container\">\n\t\t\t\t\t\t\t\t\t<p dir=\"ltr\">Votre parole et l\u2019expression de vos ressentis sont au c\u0153ur de chaque s\u00e9ance. En ayant face \u00e0 vous une \u201coreille\u201d attentive et bienveillante. Vous arrivez plus facilement \u00e0 identifier les \u00e9motions qui vous traversent et \u00e0 prendre conscience de vos sch\u00e9mas de pens\u00e9e, de vos croyances et de vos comportements.\u00a0<\/p>\t\t\t\t\t\t\t\t<\/div>\n\t\t\t\t<\/div>\n\t\t\t\t\t<\/div>\n\t\t<\/div>\n\t\t\t\t\t<\/div>\n\t\t<\/section>\n\t\t\t\t\t<\/div>\n\t\t<\/div>\n\t\t\t\t\t<\/div>\n\t\t<\/section>\n\t\t\t\t<section class=\"elementor-section elementor-top-section elementor-element elementor-element-aa7bbce elementor-section-boxed elementor-section-height-default elementor-section-height-default wpr-particle-no wpr-jarallax-no wpr-parallax-no wpr-sticky-section-no wpr-equal-height-no\" data-id=\"aa7bbce\" data-element_type=\"section\">\n\t\t\t\t\t\t<div class=\"elementor-container elementor-column-gap-default\">\n\t\t\t\t\t<div class=\"elementor-column elementor-col-100 elementor-top-column elementor-element elementor-element-27c2fa0\" data-id=\"27c2fa0\" data-element_type=\"column\">\n\t\t\t<div class=\"elementor-widget-wrap elementor-element-populated\">\n\t\t\t\t\t\t<div class=\"elementor-element elementor-element-52ee0bb elementor-widget elementor-widget-heading\" data-id=\"52ee0bb\" data-element_type=\"widget\" data-widget_type=\"heading.default\">\n\t\t\t\t<div class=\"elementor-widget-container\">\n\t\t\t\t\t<h2 class=\"elementor-heading-title elementor-size-default\">La reformulation, les hypoth\u00e8ses et les questions<\/h2>\t\t\t\t<\/div>\n\t\t\t\t<\/div>\n\t\t\t\t<div class=\"elementor-element elementor-element-ac6a9db elementor-widget elementor-widget-text-editor\" data-id=\"ac6a9db\" data-element_type=\"widget\" data-widget_type=\"text-editor.default\">\n\t\t\t\t<div class=\"elementor-widget-container\">\n\t\t\t\t\t\t\t\t\t<p>Pour vous guider dans ce processus de conscientisation essentiel \u00e0 votre \u00e9volution. Je reformule vos propos et je vous propose si besoin des hypoth\u00e8ses en lien avec mes perceptions. Ces hypoth\u00e8ses ont pour but de venir \u00e9clairer vos propres ressentis. Vous pouvez \u00eatre en accord ou non avec mes hypoth\u00e8ses. Mon but est de vous guider et de vous amener \u00e0 vous poser des questions afin que vous puissiez acc\u00e9der aux bonnes r\u00e9ponses en vous.\u00a0<\/p>\t\t\t\t\t\t\t\t<\/div>\n\t\t\t\t<\/div>\n\t\t\t\t\t<\/div>\n\t\t<\/div>\n\t\t\t\t\t<\/div>\n\t\t<\/section>\n\t\t\t\t<section class=\"elementor-section elementor-top-section elementor-element elementor-element-1557220 elementor-section-boxed elementor-section-height-default elementor-section-height-default wpr-particle-no wpr-jarallax-no wpr-parallax-no wpr-sticky-section-no wpr-equal-height-no\" data-id=\"1557220\" data-element_type=\"section\" data-settings=\"{&quot;background_background&quot;:&quot;classic&quot;}\">\n\t\t\t\t\t\t<div class=\"elementor-container elementor-column-gap-default\">\n\t\t\t\t\t<div class=\"elementor-column elementor-col-100 elementor-top-column elementor-element elementor-element-9685067\" data-id=\"9685067\" data-element_type=\"column\">\n\t\t\t<div class=\"elementor-widget-wrap elementor-element-populated\">\n\t\t\t\t\t\t<div class=\"elementor-element elementor-element-a82fac5 elementor-widget elementor-widget-heading\" data-id=\"a82fac5\" data-element_type=\"widget\" data-widget_type=\"heading.default\">\n\t\t\t\t<div class=\"elementor-widget-container\">\n\t\t\t\t\t<h2 class=\"elementor-heading-title elementor-size-default\">Exercices d\u2019observations et d\u2019exp\u00e9rimentations<\/h2>\t\t\t\t<\/div>\n\t\t\t\t<\/div>\n\t\t\t\t<div class=\"elementor-element elementor-element-69d352a elementor-widget elementor-widget-text-editor\" data-id=\"69d352a\" data-element_type=\"widget\" data-widget_type=\"text-editor.default\">\n\t\t\t\t<div class=\"elementor-widget-container\">\n\t\t\t\t\t\t\t\t\t<p>Je propose r\u00e9guli\u00e8rement entre les s\u00e9ances des exercices pratiques. Ils vous permettront d\u2019exp\u00e9rimenter les notions abord\u00e9es en consultation : carnet alimentaire, observation de vos sensations alimentaires, exp\u00e9rience du saut du petit-d\u00e9jeuner pour renouer avec la sensation de faim&#8230;. C\u2019est ainsi que vous trouverez de nouvelles fa\u00e7ons de fonctionner en accord avec vos besoins.<\/p>\t\t\t\t\t\t\t\t<\/div>\n\t\t\t\t<\/div>\n\t\t\t\t\t<\/div>\n\t\t<\/div>\n\t\t\t\t\t<\/div>\n\t\t<\/section>\n\t\t\t\t<section class=\"elementor-section elementor-top-section elementor-element elementor-element-752816a elementor-section-boxed elementor-section-height-default elementor-section-height-default wpr-particle-no wpr-jarallax-no wpr-parallax-no wpr-sticky-section-no wpr-equal-height-no\" data-id=\"752816a\" data-element_type=\"section\">\n\t\t\t\t\t\t<div class=\"elementor-container elementor-column-gap-default\">\n\t\t\t\t\t<div class=\"elementor-column elementor-col-100 elementor-top-column elementor-element elementor-element-7310269\" data-id=\"7310269\" data-element_type=\"column\">\n\t\t\t<div class=\"elementor-widget-wrap elementor-element-populated\">\n\t\t\t\t\t\t<div class=\"elementor-element elementor-element-7bb240f elementor-widget elementor-widget-heading\" data-id=\"7bb240f\" data-element_type=\"widget\" data-widget_type=\"heading.default\">\n\t\t\t\t<div class=\"elementor-widget-container\">\n\t\t\t\t\t<h2 class=\"elementor-heading-title elementor-size-default\">L\u2019alimentation intuitive<\/h2>\t\t\t\t<\/div>\n\t\t\t\t<\/div>\n\t\t\t\t<section class=\"elementor-section elementor-inner-section elementor-element elementor-element-1218023 elementor-section-boxed elementor-section-height-default elementor-section-height-default wpr-particle-no wpr-jarallax-no wpr-parallax-no wpr-sticky-section-no wpr-equal-height-no\" data-id=\"1218023\" data-element_type=\"section\">\n\t\t\t\t\t\t<div class=\"elementor-container elementor-column-gap-default\">\n\t\t\t\t\t<div class=\"elementor-column elementor-col-50 elementor-inner-column elementor-element elementor-element-984aef1\" data-id=\"984aef1\" data-element_type=\"column\">\n\t\t\t<div class=\"elementor-widget-wrap elementor-element-populated\">\n\t\t\t\t\t\t<div class=\"elementor-element elementor-element-2f60c10 elementor-widget elementor-widget-image\" data-id=\"2f60c10\" data-element_type=\"widget\" data-widget_type=\"image.default\">\n\t\t\t\t<div class=\"elementor-widget-container\">\n\t\t\t\t\t\t\t\t\t\t\t\t\t\t\t<img decoding=\"async\" width=\"940\" height=\"788\" src=\"https:\/\/psychodietetique.fr\/wp-content\/uploads\/2023\/09\/site-3-1-jpg.webp\" class=\"attachment-large size-large wp-image-4075\" alt=\"degustation en pleine conscience\" srcset=\"https:\/\/psychodietetique.fr\/wp-content\/uploads\/2023\/09\/site-3-1-jpg.webp 940w, https:\/\/psychodietetique.fr\/wp-content\/uploads\/2023\/09\/site-3-1-300x251.webp 300w, https:\/\/psychodietetique.fr\/wp-content\/uploads\/2023\/09\/site-3-1-768x644.webp 768w\" sizes=\"(max-width: 940px) 100vw, 940px\" \/>\t\t\t\t\t\t\t\t\t\t\t\t\t\t\t<\/div>\n\t\t\t\t<\/div>\n\t\t\t\t\t<\/div>\n\t\t<\/div>\n\t\t\t\t<div class=\"elementor-column elementor-col-50 elementor-inner-column elementor-element elementor-element-66efb72\" data-id=\"66efb72\" data-element_type=\"column\">\n\t\t\t<div class=\"elementor-widget-wrap elementor-element-populated\">\n\t\t\t\t\t\t<div class=\"elementor-element elementor-element-34d7e07 elementor-widget elementor-widget-text-editor\" data-id=\"34d7e07\" data-element_type=\"widget\" data-widget_type=\"text-editor.default\">\n\t\t\t\t<div class=\"elementor-widget-container\">\n\t\t\t\t\t\t\t\t\t<p>Les dix piliers de l\u2019alimentation intuitive sont pour moi une base de r\u00e9f\u00e9rence. Et ils s&#8217;inscrivent naturellement dans mon approche psycho- nutritionnelle et comportementale. Comme par exemple, renouer avec ses sensations alimentaires, accepter son corps, faire la paix avec les aliments, arr\u00eater de cat\u00e9goriser les aliments, bouger avec plaisir. Et surtout, je rejette totalement la mentalit\u00e9 des &#8220;r\u00e9gimes&#8221;, appel\u00e9 \u00e9galement &#8220;diet culture&#8221; outre-Atlantique. C&#8217;est le premier pilier de l&#8217;Alimentation Intuitive.<\/p><p>Pour aller plus loin, vous pouvez consulter l&#8217;article :\u00a0<span style=\"color: #993366;\"><a style=\"color: #993366;\" href=\"https:\/\/psychodietetique.fr\/index.php\/2023\/02\/13\/alimentation-intuitive\/\">Alimentation Intuitive &#8211; 10 piliers d\u2019une vie plus saine<\/a>.<\/span><\/p>\t\t\t\t\t\t\t\t<\/div>\n\t\t\t\t<\/div>\n\t\t\t\t<div class=\"elementor-element elementor-element-a718f5d elementor-align-center elementor-widget elementor-widget-button\" data-id=\"a718f5d\" data-element_type=\"widget\" data-widget_type=\"button.default\">\n\t\t\t\t<div class=\"elementor-widget-container\">\n\t\t\t\t\t\t\t\t\t<div class=\"elementor-button-wrapper\">\n\t\t\t\t\t<a class=\"elementor-button elementor-button-link elementor-size-sm\" href=\"https:\/\/psychodietetique.fr\/index.php\/2023\/02\/13\/alimentation-intuitive\/\">\n\t\t\t\t\t\t<span class=\"elementor-button-content-wrapper\">\n\t\t\t\t\t\t\t\t\t<span class=\"elementor-button-text\">Lire l'article<\/span>\n\t\t\t\t\t<\/span>\n\t\t\t\t\t<\/a>\n\t\t\t\t<\/div>\n\t\t\t\t\t\t\t\t<\/div>\n\t\t\t\t<\/div>\n\t\t\t\t\t<\/div>\n\t\t<\/div>\n\t\t\t\t\t<\/div>\n\t\t<\/section>\n\t\t\t\t\t<\/div>\n\t\t<\/div>\n\t\t\t\t\t<\/div>\n\t\t<\/section>\n\t\t\t\t<\/div>\n\t\t","protected":false},"excerpt":{"rendered":"<p>Mes outils Votre di\u00e9t\u00e9ticienne-nutritionniste Le premier outil que j\u2019utilise en consultation c\u2019est moi-m\u00eame. J\u2019ai la conviction que quelque soit la formation, la m\u00e9thode ou les outils utilis\u00e9s. Ils ne peuvent \u00eatre dissoci\u00e9s de la personne qui les met au service du mieux-\u00eatre de ses patients.\u00a0 Au-del\u00e0 de mes formations et acquis m\u00e9thodologiques. C\u2019est mon exp\u00e9rience de vie et mes ressentis vis-\u00e0-vis de ce que vous exprimez en s\u00e9ance que je mets au service de votre accompagnement. Je me dois de ne pas confondre et m\u00e9langer les affects qui vous appartiennent, de ceux qui m&#8217;appartiennent. C\u2019est pourquoi je suis supervis\u00e9e chaque mois par Zo\u00e9 Desbouis, di\u00e9t\u00e9ticienne sp\u00e9cialis\u00e9e en di\u00e9t\u00e9tique comportementale.\u00a0 La supervision permet de prendre du recul sur ce que nous pouvons ressentir en tant que th\u00e9rapeute vis- \u00e0- vis du v\u00e9cu\u00a0 de nos patients.\u00a0 Elle soutient la pratique professionnelle et aide \u00e0 l&#8217;am\u00e9lioration constante des pratiques. Et ainsi veiller \u00e0 la qualit\u00e9 ainsi qu&#8217; \u00e0 l\u2019\u00e9thique du soin di\u00e9t\u00e9tique.\u00a0 La libre expression et l\u2019\u00e9coute bienveillante Votre parole et l\u2019expression de vos ressentis sont au c\u0153ur de chaque s\u00e9ance. En ayant face \u00e0 vous une \u201coreille\u201d attentive et bienveillante. Vous arrivez plus facilement \u00e0 identifier les \u00e9motions qui vous traversent et \u00e0 prendre conscience de vos sch\u00e9mas de pens\u00e9e, de vos croyances et de vos comportements.\u00a0 La reformulation, les hypoth\u00e8ses et les questions Pour vous guider dans ce processus de conscientisation essentiel \u00e0 votre \u00e9volution. Je reformule vos propos et je vous propose si besoin des hypoth\u00e8ses en lien avec mes perceptions. Ces hypoth\u00e8ses ont pour but de venir \u00e9clairer vos propres ressentis. Vous pouvez \u00eatre en accord ou non avec mes hypoth\u00e8ses. Mon but est de vous guider et de vous amener \u00e0 vous poser des questions afin que vous puissiez acc\u00e9der aux bonnes r\u00e9ponses en vous.\u00a0 Exercices d\u2019observations et d\u2019exp\u00e9rimentations Je propose r\u00e9guli\u00e8rement entre les s\u00e9ances des exercices pratiques. Ils vous permettront d\u2019exp\u00e9rimenter les notions abord\u00e9es en consultation : carnet alimentaire, observation de vos sensations alimentaires, exp\u00e9rience du saut du petit-d\u00e9jeuner pour renouer avec la sensation de faim&#8230;. C\u2019est ainsi que vous trouverez de nouvelles fa\u00e7ons de fonctionner en accord avec vos besoins. L\u2019alimentation intuitive Les dix piliers de l\u2019alimentation intuitive sont pour moi une base de r\u00e9f\u00e9rence. Et ils s&#8217;inscrivent naturellement dans mon approche psycho- nutritionnelle et comportementale. Comme par exemple, renouer avec ses sensations alimentaires, accepter son corps, faire la paix avec les aliments, arr\u00eater de cat\u00e9goriser les aliments, bouger avec plaisir. Et surtout, je rejette totalement la mentalit\u00e9 des &#8220;r\u00e9gimes&#8221;, appel\u00e9 \u00e9galement &#8220;diet culture&#8221; outre-Atlantique. C&#8217;est le premier pilier de l&#8217;Alimentation Intuitive. Pour aller plus loin, vous pouvez consulter l&#8217;article :\u00a0Alimentation Intuitive &#8211; 10 piliers d\u2019une vie plus saine. Lire l&#8217;article<\/p>\n","protected":false},"author":2,"featured_media":0,"parent":0,"menu_order":0,"comment_status":"closed","ping_status":"closed","template":"","meta":{"ocean_post_layout":"","ocean_both_sidebars_style":"","ocean_both_sidebars_content_width":0,"ocean_both_sidebars_sidebars_width":0,"ocean_sidebar":"0","ocean_second_sidebar":"0","ocean_disable_margins":"enable","ocean_add_body_class":"","ocean_shortcode_before_top_bar":"","ocean_shortcode_after_top_bar":"","ocean_shortcode_before_header":"","ocean_shortcode_after_header":"","ocean_has_shortcode":"","ocean_shortcode_after_title":"","ocean_shortcode_before_footer_widgets":"","ocean_shortcode_after_footer_widgets":"","ocean_shortcode_before_footer_bottom":"","ocean_shortcode_after_footer_bottom":"","ocean_display_top_bar":"default","ocean_display_header":"default","ocean_header_style":"","ocean_center_header_left_menu":"0","ocean_custom_header_template":"0","ocean_custom_logo":0,"ocean_custom_retina_logo":0,"ocean_custom_logo_max_width":0,"ocean_custom_logo_tablet_max_width":0,"ocean_custom_logo_mobile_max_width":0,"ocean_custom_logo_max_height":0,"ocean_custom_logo_tablet_max_height":0,"ocean_custom_logo_mobile_max_height":0,"ocean_header_custom_menu":"0","ocean_menu_typo_font_family":"0","ocean_menu_typo_font_subset":"","ocean_menu_typo_font_size":0,"ocean_menu_typo_font_size_tablet":0,"ocean_menu_typo_font_size_mobile":0,"ocean_menu_typo_font_size_unit":"px","ocean_menu_typo_font_weight":"","ocean_menu_typo_font_weight_tablet":"","ocean_menu_typo_font_weight_mobile":"","ocean_menu_typo_transform":"","ocean_menu_typo_transform_tablet":"","ocean_menu_typo_transform_mobile":"","ocean_menu_typo_line_height":0,"ocean_menu_typo_line_height_tablet":0,"ocean_menu_typo_line_height_mobile":0,"ocean_menu_typo_line_height_unit":"","ocean_menu_typo_spacing":0,"ocean_menu_typo_spacing_tablet":0,"ocean_menu_typo_spacing_mobile":0,"ocean_menu_typo_spacing_unit":"","ocean_menu_link_color":"","ocean_menu_link_color_hover":"","ocean_menu_link_color_active":"","ocean_menu_link_background":"","ocean_menu_link_hover_background":"","ocean_menu_link_active_background":"","ocean_menu_social_links_bg":"","ocean_menu_social_hover_links_bg":"","ocean_menu_social_links_color":"","ocean_menu_social_hover_links_color":"","ocean_disable_title":"default","ocean_disable_heading":"default","ocean_post_title":"","ocean_post_subheading":"","ocean_post_title_style":"","ocean_post_title_background_color":"","ocean_post_title_background":0,"ocean_post_title_bg_image_position":"","ocean_post_title_bg_image_attachment":"","ocean_post_title_bg_image_repeat":"","ocean_post_title_bg_image_size":"","ocean_post_title_height":0,"ocean_post_title_bg_overlay":0.5,"ocean_post_title_bg_overlay_color":"","ocean_disable_breadcrumbs":"default","ocean_breadcrumbs_color":"","ocean_breadcrumbs_separator_color":"","ocean_breadcrumbs_links_color":"","ocean_breadcrumbs_links_hover_color":"","ocean_display_footer_widgets":"default","ocean_display_footer_bottom":"default","ocean_custom_footer_template":"0","footnotes":""},"yoast_head":"<!-- This site is optimized with the Yoast SEO plugin v23.5 - https:\/\/yoast.com\/wordpress\/plugins\/seo\/ -->\n<title>Di\u00e9t\u00e9ticienne Nutritionniste Vaucluse - Psychodi\u00e9t\u00e9tique.fr<\/title>\n<meta name=\"description\" content=\"Di\u00e9t\u00e9ticienne Nutritionniste en Vaucluse. Accompagnement personnalis\u00e9 : perte de poids, compulsions alimentaires et TCA.\" \/>\n<meta name=\"robots\" content=\"index, follow, max-snippet:-1, max-image-preview:large, max-video-preview:-1\" \/>\n<link rel=\"canonical\" href=\"https:\/\/psychodietetique.fr\/index.php\/dieteticienne-nutritionniste-vaucluse\/\" \/>\n<meta property=\"og:locale\" content=\"en_US\" \/>\n<meta property=\"og:type\" content=\"article\" \/>\n<meta property=\"og:title\" content=\"Di\u00e9t\u00e9ticienne Nutritionniste Vaucluse - Psychodi\u00e9t\u00e9tique.fr\" \/>\n<meta property=\"og:description\" content=\"Di\u00e9t\u00e9ticienne Nutritionniste en Vaucluse. Accompagnement personnalis\u00e9 : perte de poids, compulsions alimentaires et TCA.\" \/>\n<meta property=\"og:url\" content=\"https:\/\/psychodietetique.fr\/index.php\/dieteticienne-nutritionniste-vaucluse\/\" \/>\n<meta property=\"og:site_name\" content=\"Psychodi\u00e9t\u00e9tique.fr\" \/>\n<meta property=\"article:modified_time\" content=\"2025-10-27T09:16:44+00:00\" \/>\n<meta property=\"og:image\" content=\"https:\/\/psychodietetique.fr\/wp-content\/uploads\/2023\/08\/photo-amandine-Modifie-300x293.jpg\" \/>\n<meta name=\"twitter:card\" content=\"summary_large_image\" \/>\n<meta name=\"twitter:label1\" content=\"Est. reading time\" \/>\n\t<meta name=\"twitter:data1\" content=\"3 minutes\" \/>\n<script type=\"application\/ld+json\" class=\"yoast-schema-graph\">{\"@context\":\"https:\/\/schema.org\",\"@graph\":[{\"@type\":\"WebPage\",\"@id\":\"https:\/\/psychodietetique.fr\/index.php\/dieteticienne-nutritionniste-vaucluse\/\",\"url\":\"https:\/\/psychodietetique.fr\/index.php\/dieteticienne-nutritionniste-vaucluse\/\",\"name\":\"Di\u00e9t\u00e9ticienne Nutritionniste Vaucluse - Psychodi\u00e9t\u00e9tique.fr\",\"isPartOf\":{\"@id\":\"https:\/\/psychodietetique.fr\/#website\"},\"primaryImageOfPage\":{\"@id\":\"https:\/\/psychodietetique.fr\/index.php\/dieteticienne-nutritionniste-vaucluse\/#primaryimage\"},\"image\":{\"@id\":\"https:\/\/psychodietetique.fr\/index.php\/dieteticienne-nutritionniste-vaucluse\/#primaryimage\"},\"thumbnailUrl\":\"https:\/\/psychodietetique.fr\/wp-content\/uploads\/2023\/08\/photo-amandine-Modifie-300x293.jpg\",\"datePublished\":\"2023-08-28T05:06:11+00:00\",\"dateModified\":\"2025-10-27T09:16:44+00:00\",\"description\":\"Di\u00e9t\u00e9ticienne Nutritionniste en Vaucluse. Accompagnement personnalis\u00e9 : perte de poids, compulsions alimentaires et TCA.\",\"breadcrumb\":{\"@id\":\"https:\/\/psychodietetique.fr\/index.php\/dieteticienne-nutritionniste-vaucluse\/#breadcrumb\"},\"inLanguage\":\"en-US\",\"potentialAction\":[{\"@type\":\"ReadAction\",\"target\":[\"https:\/\/psychodietetique.fr\/index.php\/dieteticienne-nutritionniste-vaucluse\/\"]}]},{\"@type\":\"ImageObject\",\"inLanguage\":\"en-US\",\"@id\":\"https:\/\/psychodietetique.fr\/index.php\/dieteticienne-nutritionniste-vaucluse\/#primaryimage\",\"url\":\"https:\/\/psychodietetique.fr\/wp-content\/uploads\/2023\/08\/photo-amandine-Modifie.jpg\",\"contentUrl\":\"https:\/\/psychodietetique.fr\/wp-content\/uploads\/2023\/08\/photo-amandine-Modifie.jpg\",\"width\":750,\"height\":733,\"caption\":\"di\u00e9t\u00e9ticienne en ligne\"},{\"@type\":\"BreadcrumbList\",\"@id\":\"https:\/\/psychodietetique.fr\/index.php\/dieteticienne-nutritionniste-vaucluse\/#breadcrumb\",\"itemListElement\":[{\"@type\":\"ListItem\",\"position\":1,\"name\":\"Accueil\",\"item\":\"https:\/\/psychodietetique.fr\/\"},{\"@type\":\"ListItem\",\"position\":2,\"name\":\"Mes outils\"}]},{\"@type\":\"WebSite\",\"@id\":\"https:\/\/psychodietetique.fr\/#website\",\"url\":\"https:\/\/psychodietetique.fr\/\",\"name\":\"Psychodi\u00e9t\u00e9tique.fr\",\"description\":\"Di\u00e9t\u00e9ticienne-Nutrionniste\",\"publisher\":{\"@id\":\"https:\/\/psychodietetique.fr\/#organization\"},\"potentialAction\":[{\"@type\":\"SearchAction\",\"target\":{\"@type\":\"EntryPoint\",\"urlTemplate\":\"https:\/\/psychodietetique.fr\/?s={search_term_string}\"},\"query-input\":{\"@type\":\"PropertyValueSpecification\",\"valueRequired\":true,\"valueName\":\"search_term_string\"}}],\"inLanguage\":\"en-US\"},{\"@type\":\"Organization\",\"@id\":\"https:\/\/psychodietetique.fr\/#organization\",\"name\":\"Psychodi\u00e9t\u00e9tique.fr\",\"url\":\"https:\/\/psychodietetique.fr\/\",\"logo\":{\"@type\":\"ImageObject\",\"inLanguage\":\"en-US\",\"@id\":\"https:\/\/psychodietetique.fr\/#\/schema\/logo\/image\/\",\"url\":\"https:\/\/psychodietetique.fr\/wp-content\/uploads\/2023\/08\/Logo-seul-transparent-1.png\",\"contentUrl\":\"https:\/\/psychodietetique.fr\/wp-content\/uploads\/2023\/08\/Logo-seul-transparent-1.png\",\"width\":1000,\"height\":1000,\"caption\":\"Psychodi\u00e9t\u00e9tique.fr\"},\"image\":{\"@id\":\"https:\/\/psychodietetique.fr\/#\/schema\/logo\/image\/\"}}]}<\/script>\n<!-- \/ Yoast SEO plugin. -->","yoast_head_json":{"title":"Di\u00e9t\u00e9ticienne Nutritionniste Vaucluse - Psychodi\u00e9t\u00e9tique.fr","description":"Di\u00e9t\u00e9ticienne Nutritionniste en Vaucluse. Accompagnement personnalis\u00e9 : perte de poids, compulsions alimentaires et TCA.","robots":{"index":"index","follow":"follow","max-snippet":"max-snippet:-1","max-image-preview":"max-image-preview:large","max-video-preview":"max-video-preview:-1"},"canonical":"https:\/\/psychodietetique.fr\/index.php\/dieteticienne-nutritionniste-vaucluse\/","og_locale":"en_US","og_type":"article","og_title":"Di\u00e9t\u00e9ticienne Nutritionniste Vaucluse - Psychodi\u00e9t\u00e9tique.fr","og_description":"Di\u00e9t\u00e9ticienne Nutritionniste en Vaucluse. Accompagnement personnalis\u00e9 : perte de poids, compulsions alimentaires et TCA.","og_url":"https:\/\/psychodietetique.fr\/index.php\/dieteticienne-nutritionniste-vaucluse\/","og_site_name":"Psychodi\u00e9t\u00e9tique.fr","article_modified_time":"2025-10-27T09:16:44+00:00","og_image":[{"url":"https:\/\/psychodietetique.fr\/wp-content\/uploads\/2023\/08\/photo-amandine-Modifie-300x293.jpg"}],"twitter_card":"summary_large_image","twitter_misc":{"Est. reading time":"3 minutes"},"schema":{"@context":"https:\/\/schema.org","@graph":[{"@type":"WebPage","@id":"https:\/\/psychodietetique.fr\/index.php\/dieteticienne-nutritionniste-vaucluse\/","url":"https:\/\/psychodietetique.fr\/index.php\/dieteticienne-nutritionniste-vaucluse\/","name":"Di\u00e9t\u00e9ticienne Nutritionniste Vaucluse - Psychodi\u00e9t\u00e9tique.fr","isPartOf":{"@id":"https:\/\/psychodietetique.fr\/#website"},"primaryImageOfPage":{"@id":"https:\/\/psychodietetique.fr\/index.php\/dieteticienne-nutritionniste-vaucluse\/#primaryimage"},"image":{"@id":"https:\/\/psychodietetique.fr\/index.php\/dieteticienne-nutritionniste-vaucluse\/#primaryimage"},"thumbnailUrl":"https:\/\/psychodietetique.fr\/wp-content\/uploads\/2023\/08\/photo-amandine-Modifie-300x293.jpg","datePublished":"2023-08-28T05:06:11+00:00","dateModified":"2025-10-27T09:16:44+00:00","description":"Di\u00e9t\u00e9ticienne Nutritionniste en Vaucluse. Accompagnement personnalis\u00e9 : perte de poids, compulsions alimentaires et TCA.","breadcrumb":{"@id":"https:\/\/psychodietetique.fr\/index.php\/dieteticienne-nutritionniste-vaucluse\/#breadcrumb"},"inLanguage":"en-US","potentialAction":[{"@type":"ReadAction","target":["https:\/\/psychodietetique.fr\/index.php\/dieteticienne-nutritionniste-vaucluse\/"]}]},{"@type":"ImageObject","inLanguage":"en-US","@id":"https:\/\/psychodietetique.fr\/index.php\/dieteticienne-nutritionniste-vaucluse\/#primaryimage","url":"https:\/\/psychodietetique.fr\/wp-content\/uploads\/2023\/08\/photo-amandine-Modifie.jpg","contentUrl":"https:\/\/psychodietetique.fr\/wp-content\/uploads\/2023\/08\/photo-amandine-Modifie.jpg","width":750,"height":733,"caption":"di\u00e9t\u00e9ticienne en ligne"},{"@type":"BreadcrumbList","@id":"https:\/\/psychodietetique.fr\/index.php\/dieteticienne-nutritionniste-vaucluse\/#breadcrumb","itemListElement":[{"@type":"ListItem","position":1,"name":"Accueil","item":"https:\/\/psychodietetique.fr\/"},{"@type":"ListItem","position":2,"name":"Mes outils"}]},{"@type":"WebSite","@id":"https:\/\/psychodietetique.fr\/#website","url":"https:\/\/psychodietetique.fr\/","name":"Psychodi\u00e9t\u00e9tique.fr","description":"Di\u00e9t\u00e9ticienne-Nutrionniste","publisher":{"@id":"https:\/\/psychodietetique.fr\/#organization"},"potentialAction":[{"@type":"SearchAction","target":{"@type":"EntryPoint","urlTemplate":"https:\/\/psychodietetique.fr\/?s={search_term_string}"},"query-input":{"@type":"PropertyValueSpecification","valueRequired":true,"valueName":"search_term_string"}}],"inLanguage":"en-US"},{"@type":"Organization","@id":"https:\/\/psychodietetique.fr\/#organization","name":"Psychodi\u00e9t\u00e9tique.fr","url":"https:\/\/psychodietetique.fr\/","logo":{"@type":"ImageObject","inLanguage":"en-US","@id":"https:\/\/psychodietetique.fr\/#\/schema\/logo\/image\/","url":"https:\/\/psychodietetique.fr\/wp-content\/uploads\/2023\/08\/Logo-seul-transparent-1.png","contentUrl":"https:\/\/psychodietetique.fr\/wp-content\/uploads\/2023\/08\/Logo-seul-transparent-1.png","width":1000,"height":1000,"caption":"Psychodi\u00e9t\u00e9tique.fr"},"image":{"@id":"https:\/\/psychodietetique.fr\/#\/schema\/logo\/image\/"}}]}},"_links":{"self":[{"href":"https:\/\/psychodietetique.fr\/index.php\/wp-json\/wp\/v2\/pages\/1257"}],"collection":[{"href":"https:\/\/psychodietetique.fr\/index.php\/wp-json\/wp\/v2\/pages"}],"about":[{"href":"https:\/\/psychodietetique.fr\/index.php\/wp-json\/wp\/v2\/types\/page"}],"author":[{"embeddable":true,"href":"https:\/\/psychodietetique.fr\/index.php\/wp-json\/wp\/v2\/users\/2"}],"replies":[{"embeddable":true,"href":"https:\/\/psychodietetique.fr\/index.php\/wp-json\/wp\/v2\/comments?post=1257"}],"version-history":[{"count":88,"href":"https:\/\/psychodietetique.fr\/index.php\/wp-json\/wp\/v2\/pages\/1257\/revisions"}],"predecessor-version":[{"id":5195,"href":"https:\/\/psychodietetique.fr\/index.php\/wp-json\/wp\/v2\/pages\/1257\/revisions\/5195"}],"wp:attachment":[{"href":"https:\/\/psychodietetique.fr\/index.php\/wp-json\/wp\/v2\/media?parent=1257"}],"curies":[{"name":"wp","href":"https:\/\/api.w.org\/{rel}","templated":true}]}}