{"id":1339,"date":"2023-08-28T15:35:20","date_gmt":"2023-08-28T13:35:20","guid":{"rendered":"https:\/\/psychodietetique.fr\/?page_id=1339"},"modified":"2025-10-27T10:03:23","modified_gmt":"2025-10-27T09:03:23","slug":"dieteticienne-en-ligne","status":"publish","type":"page","link":"https:\/\/psychodietetique.fr\/index.php\/dieteticienne-en-ligne\/","title":{"rendered":"Mon parcours"},"content":{"rendered":"\t\t<div data-elementor-type=\"wp-page\" data-elementor-id=\"1339\" class=\"elementor elementor-1339\">\n\t\t\t\t\t\t<section class=\"elementor-section elementor-top-section elementor-element elementor-element-5be49e7 elementor-section-boxed elementor-section-height-default elementor-section-height-default wpr-particle-no wpr-jarallax-no wpr-parallax-no wpr-sticky-section-no wpr-equal-height-no\" data-id=\"5be49e7\" data-element_type=\"section\">\n\t\t\t\t\t\t<div class=\"elementor-container elementor-column-gap-default\">\n\t\t\t\t\t<div class=\"elementor-column elementor-col-100 elementor-top-column elementor-element elementor-element-de859ff\" data-id=\"de859ff\" data-element_type=\"column\">\n\t\t\t<div class=\"elementor-widget-wrap elementor-element-populated\">\n\t\t\t\t\t\t<div class=\"elementor-element elementor-element-e2e271f elementor-widget elementor-widget-heading\" data-id=\"e2e271f\" data-element_type=\"widget\" data-widget_type=\"heading.default\">\n\t\t\t\t<div class=\"elementor-widget-container\">\n\t\t\t\t\t<h1 class=\"elementor-heading-title elementor-size-default\">Mon PARCOURS<\/h1>\t\t\t\t<\/div>\n\t\t\t\t<\/div>\n\t\t\t\t<section class=\"elementor-section elementor-inner-section elementor-element elementor-element-ddeeaa4 elementor-section-boxed elementor-section-height-default elementor-section-height-default wpr-particle-no wpr-jarallax-no wpr-parallax-no wpr-sticky-section-no wpr-equal-height-no\" data-id=\"ddeeaa4\" data-element_type=\"section\">\n\t\t\t\t\t\t<div class=\"elementor-container elementor-column-gap-default\">\n\t\t\t\t\t<div class=\"elementor-column elementor-col-50 elementor-inner-column elementor-element elementor-element-add3d1f\" data-id=\"add3d1f\" data-element_type=\"column\">\n\t\t\t<div class=\"elementor-widget-wrap elementor-element-populated\">\n\t\t\t\t\t\t<div class=\"elementor-element elementor-element-f8699ed elementor-widget elementor-widget-image\" data-id=\"f8699ed\" data-element_type=\"widget\" data-widget_type=\"image.default\">\n\t\t\t\t<div class=\"elementor-widget-container\">\n\t\t\t\t\t\t\t\t\t\t\t\t\t\t\t<img fetchpriority=\"high\" decoding=\"async\" width=\"300\" height=\"293\" src=\"https:\/\/psychodietetique.fr\/wp-content\/uploads\/2023\/08\/photo-amandine-Modifie-300x293.jpg\" class=\"attachment-medium size-medium wp-image-1407\" alt=\"di\u00e9t\u00e9ticienne en ligne\" srcset=\"https:\/\/psychodietetique.fr\/wp-content\/uploads\/2023\/08\/photo-amandine-Modifie-300x293.jpg 300w, https:\/\/psychodietetique.fr\/wp-content\/uploads\/2023\/08\/photo-amandine-Modifie.jpg 750w\" sizes=\"(max-width: 300px) 100vw, 300px\" \/>\t\t\t\t\t\t\t\t\t\t\t\t\t\t\t<\/div>\n\t\t\t\t<\/div>\n\t\t\t\t\t<\/div>\n\t\t<\/div>\n\t\t\t\t<div class=\"elementor-column elementor-col-50 elementor-inner-column elementor-element elementor-element-a87ef77\" data-id=\"a87ef77\" data-element_type=\"column\">\n\t\t\t<div class=\"elementor-widget-wrap elementor-element-populated\">\n\t\t\t\t\t\t<div class=\"elementor-element elementor-element-eac2d6a elementor-widget elementor-widget-text-editor\" data-id=\"eac2d6a\" data-element_type=\"widget\" data-widget_type=\"text-editor.default\">\n\t\t\t\t<div class=\"elementor-widget-container\">\n\t\t\t\t\t\t\t\t\t<p>Ma vision professionnelle d\u2019aujourd\u2019hui prend sa source en\u00a0 2013.\u00a0 Trois ans apr\u00e8s l\u2019obtention d\u2019un BTS di\u00e9t\u00e9tique et nutrition. Un \u00e9v\u00e9nement a litt\u00e9ralement fait basculer ma conception de l\u2019alimentation et de l\u2019accompagnement di\u00e9t\u00e9tique.\u00a0<\/p><p>En voyage avec une amie di\u00e9t\u00e9ticienne, je tombe \u201cpar hasard\u201d sur un livre qu\u2019elle transportait dans sa valise.\u00a0 <span style=\"color: #800080;\"><a style=\"color: #800080;\" href=\"https:\/\/www.babelio.com\/livres\/Zermati-Maigrir-sans-regime\/1338251\">\u201cMaigrir sans r\u00e9gime\u201d<\/a><\/span> du docteur Jean-Philippe Zermati.\u00a0<\/p><p>Cette lecture a r\u00e9volutionn\u00e9 mon regard sur l\u2019alimentation. Et il\u00a0 a chang\u00e9 ma propre mani\u00e8re de percevoir mon alimentation. \u00c9nonc\u00e9 de cette mani\u00e8re, tout para\u00eet presque idyllique. Mais je dois vous confier qu\u2019\u00e0 cette \u00e9poque je souffrais depuis mes 15 ans de <span style=\"color: #800080;\"><a style=\"color: #800080;\" href=\"https:\/\/psychodietetique.fr\/index.php\/2023\/07\/31\/les-tca\/\">Troubles des Conduites Alimentaires<\/a><\/span> (TCA).\u00a0<\/p>\t\t\t\t\t\t\t\t<\/div>\n\t\t\t\t<\/div>\n\t\t\t\t\t<\/div>\n\t\t<\/div>\n\t\t\t\t\t<\/div>\n\t\t<\/section>\n\t\t\t\t<div class=\"elementor-element elementor-element-4491a3b elementor-widget elementor-widget-text-editor\" data-id=\"4491a3b\" data-element_type=\"widget\" data-widget_type=\"text-editor.default\">\n\t\t\t\t<div class=\"elementor-widget-container\">\n\t\t\t\t\t\t\t\t\t<p><span style=\"font-weight: 400;\">Ce nouveau paradigme de l\u2019alimentation.\u00a0 Je l&#8217;ai \u00e9tudi\u00e9 au travers de lectures, de conf\u00e9rences.\u00a0 Et par-dessus tout je l&#8217;ai\u00a0 exp\u00e9riment\u00e9.\u00a0 Cette premi\u00e8re \u00e9tape ne m\u2019a pas directement \u201cgu\u00e9rie\u201d de ce TCA.\u00a0 Mais a largement contribu\u00e9 \u00e0 am\u00e9liorer mon \u00e9quilibre entre chaque crise de boulimie. J\u2019ai appris, en dehors des \u00e9pisodes compulsifs, \u00e0 \u00e9couter et respecter mes sensations alimentaires. Ce qui m\u2019a permis de trouver mon poids d\u2019\u00e9quilibre et un certain mieux \u00eatre au quotidien.\u00a0<\/span><\/p>\t\t\t\t\t\t\t\t<\/div>\n\t\t\t\t<\/div>\n\t\t\t\t<div class=\"elementor-element elementor-element-770dddd wpr-fancy-text-rotate-1 wpr-advanced-text-style-animated wpr-animated-text-infinite-yes elementor-widget elementor-widget-wpr-advanced-text\" data-id=\"770dddd\" data-element_type=\"widget\" data-settings=\"{&quot;anim_loop&quot;:&quot;yes&quot;}\" data-widget_type=\"wpr-advanced-text.default\">\n\t\t\t\t<div class=\"elementor-widget-container\">\n\t\t\t\t\t\n\t\t<h3 class=\"wpr-advanced-text\">\n\n\t\t\t\t\t\n\t\t\t\t\t\t\t<span class=\"wpr-advanced-text-preffix\">\u201cLa vie n\u2019est pas un probl\u00e8me \u00e0 r\u00e9soudre mais une r\u00e9alit\u00e9 \u00e0 exp\u00e9rimenter.\u201d<\/Br><\/span>\n\t\t\t\n\t\t<span class=\"wpr-anim-text wpr-anim-text-type-rotate-1\" data-anim-duration=\"1000,1200\" data-anim-loop=\"yes\">\n\t\t\t<span class=\"wpr-anim-text-inner\">\n\t\t\t\t\t\t\t\t\t<b>Bouddha<\/b>\n\t\t\t\t\t\t\t<\/span>\n\t\t\t\t\t<\/span>\n\n\t\t\t\t\n\t\t<\/h3>\n\t\t\n\t\t\t\t\t\t<\/div>\n\t\t\t\t<\/div>\n\t\t\t\t<div class=\"elementor-element elementor-element-1aad803 elementor-widget elementor-widget-text-editor\" data-id=\"1aad803\" data-element_type=\"widget\" data-widget_type=\"text-editor.default\">\n\t\t\t\t<div class=\"elementor-widget-container\">\n\t\t\t\t\t\t\t\t\t<h2><span style=\"font-weight: 400;\">Un cheminement int\u00e9rieur<\/span><\/h2><p><span style=\"font-weight: 400;\">Au fil des ann\u00e9es,\u00a0 par l\u2019\u00e9coute, l\u2019introspection et la patience, j&#8217;ai appris \u00e0 mieux comprendre mon corps.\u00a0 A l\u2019\u00e9couter et \u00e0 respecter mes besoins. Je me suis \u00e9galement d\u00e9tach\u00e9e de la restriction cognitive (= contr\u00f4le mental de son alimentation).\u00a0<\/span><\/p><p><span style=\"font-weight: 400;\">La boulimie faisait toujours partie de ma vie. Et m\u00eame si j\u2019avais commenc\u00e9 \u00e0 conscientiser certains m\u00e9canismes, je n\u2019\u00e9tais pas pr\u00eate \u00e0 un travail sur moi plus en profondeur. Ni \u00e0 entamer un v\u00e9ritable chemin de gu\u00e9rison. Il m\u2019a fallu 15 ans\u00a0 pour \u00eatre pr\u00eate \u00e0 m\u2019en sortir r\u00e9ellement et prendre la d\u00e9cision d\u2019arr\u00eater de faire souffrir mon corps. C\u2019\u00e9tait en 2020. J\u2019ai alors rencontr\u00e9 la th\u00e9rapie analytique qui m\u2019a permis de me lib\u00e9rer pas \u00e0 pas de mes sch\u00e9mas destructeurs. Apr\u00e8s un an et demi de th\u00e9rapie j\u2019ai enfin pu dire au revoir \u00e0 la boulimie qui m&#8217;a accompagn\u00e9e durant 15 ann\u00e9es de vie.\u00a0<\/span><\/p><p><span style=\"font-weight: 400;\">Forte de mon exp\u00e9rience personnelle, j\u2019ai pris conscience que le travail psychologique et particuli\u00e8rement le travail avec l\u2019inconscient,\u00a0 \u00e9tait compl\u00e9mentaire au travail sur le comportement alimentaire. Je me suis alors form\u00e9e aupr\u00e8s de Ren\u00e9e Findris au \u201cD\u00e9veloppement Psychosexuel de l\u2019Enfant en appui sur les fondamentaux de la psychanalyse&#8221; (2021\/2022) . Ces bases fondamentales pour la compr\u00e9hension du d\u00e9veloppement de l\u2019individu m\u2019ont donn\u00e9 le go\u00fbt d\u2019\u00e9tudier plus en profondeur la psychologie humaine.\u00a0<\/span><\/p><p><span style=\"font-weight: 400;\">Je poursuis l\u2019\u00e9tude de la psychologie en int\u00e9grant d\u00e9but 2023 l\u2019EFPP (E-Facult\u00e9 de psychologie et psychanalyse). En parall\u00e8le de mon cursus de formation j\u2019entreprends un travail personnel en psychanalyse et psychog\u00e9n\u00e9alogie. Ce travail personnel dans les profondeurs de mon \u00eatre et de mon histoire est essentiel \u00e0 mes yeux pour nourrir mon approche. Ainsi que\u00a0 ma mani\u00e8re de guider au mieux mes patients dans leur propre cheminement et \u00e9volution.\u00a0<\/span><\/p><p><strong>Ces exp\u00e9riences \u00e0 la fois personnelles et professionnelles colorent ma pratique de th\u00e9rapeute au quotidien.\u00a0<\/strong><\/p>\t\t\t\t\t\t\t\t<\/div>\n\t\t\t\t<\/div>\n\t\t\t\t\t<\/div>\n\t\t<\/div>\n\t\t\t\t\t<\/div>\n\t\t<\/section>\n\t\t\t\t<section class=\"elementor-section elementor-top-section elementor-element elementor-element-aaf0406 elementor-section-boxed elementor-section-height-default elementor-section-height-default wpr-particle-no wpr-jarallax-no wpr-parallax-no wpr-sticky-section-no wpr-equal-height-no\" data-id=\"aaf0406\" data-element_type=\"section\">\n\t\t\t\t\t\t<div class=\"elementor-container elementor-column-gap-default\">\n\t\t\t\t\t<div class=\"elementor-column elementor-col-100 elementor-top-column elementor-element elementor-element-dc8dae5\" data-id=\"dc8dae5\" data-element_type=\"column\">\n\t\t\t<div class=\"elementor-widget-wrap elementor-element-populated\">\n\t\t\t\t\t\t<div class=\"elementor-element elementor-element-ccc9621 elementor-widget elementor-widget-heading\" data-id=\"ccc9621\" data-element_type=\"widget\" data-widget_type=\"heading.default\">\n\t\t\t\t<div class=\"elementor-widget-container\">\n\t\t\t\t\t<h2 class=\"elementor-heading-title elementor-size-default\">R\u00e9f\u00e9rences<\/h2>\t\t\t\t<\/div>\n\t\t\t\t<\/div>\n\t\t\t\t<div class=\"elementor-element elementor-element-3fc7d3a elementor-widget elementor-widget-text-editor\" data-id=\"3fc7d3a\" data-element_type=\"widget\" data-widget_type=\"text-editor.default\">\n\t\t\t\t<div class=\"elementor-widget-container\">\n\t\t\t\t\t\t\t\t\t<ul><li>BTS Di\u00e9t\u00e9tique et Nutrition (2008- 2010) &#8211; <span style=\"color: #800080;\"><a style=\"color: #800080;\" href=\"https:\/\/www.education.gouv.fr\/annuaire\/13392\/marseille\/lycee\/0130051k\/lycee-technologique-regional-marie-curie.html\">Lyc\u00e9e Marie Curie &#8211; Marseille<\/a><\/span><\/li><li>Licence\u00a0 Sciences Sanitaires et Sociales (2011) &#8211; <span style=\"color: #800080;\"><a style=\"color: #800080;\" href=\"https:\/\/www.univ-amu.fr\/en\">Universit\u00e9 Aix-Marseille<\/a><\/span><\/li><li style=\"font-size: 15px;\">Formation \u00e0 la m\u00e9thode de coaching \u00e9nerg\u00e9tique Succ\u00e8s Infini\u2122 (2020\/2021) &#8211;<span style=\"color: #800080;\"> <a style=\"color: #800080;\" href=\"https:\/\/melissamayer.ca\/succes-infini\/\">Succ\u00e8s Infini\u2122 \u2013 r\u00e9gulier &#8211; M\u00e9lissa Mayer (melissamayer.ca)<\/a><\/span><\/li><li style=\"font-size: 15px;\">Cours en aromath\u00e9rapie pratique &#8211; <span style=\"color: #800080;\"><a style=\"color: #800080;\" href=\"https:\/\/www.sophrologie-arras.fr\/cours-daromatherapie-en-ligne\/\">Aude Gelli Sophrologue et Aromatologue<\/a><\/span><\/li><li>Formation D\u00e9veloppement Psychosexuel de l\u2019Enfant en appui sur les fondamentaux de la psychanalyse (2021\/2022) &#8211;<span style=\"color: #800080;\"><a style=\"color: #800080;\" href=\"https:\/\/reneefindris.com\/formations\/\"> Ren\u00e9e Findris Psychanalyste\u00a0<\/a><\/span><\/li><li>Formation de psychoth\u00e9rapie (2023\/ 2024) &#8211; <span style=\"color: #800080;\"><a style=\"color: #800080;\" href=\"https:\/\/www.efpp-e-learning.com\/\">E. facult\u00e9 de psychologie et psychanalyse\u00a0\u00a0<\/a><\/span><\/li><li>TCA Di\u00e9t\u00e9tique et TCC (2025) &#8211; <span style=\"color: #800080;\"><a style=\"color: #800080;\" href=\"https:\/\/www.dietetiquecomportementale.com\/\">Centre de Formation en Di\u00e9t\u00e9tique et Comportement<\/a><\/span><\/li><\/ul>\t\t\t\t\t\t\t\t<\/div>\n\t\t\t\t<\/div>\n\t\t\t\t\t<\/div>\n\t\t<\/div>\n\t\t\t\t\t<\/div>\n\t\t<\/section>\n\t\t\t\t<section class=\"elementor-section elementor-top-section elementor-element elementor-element-b7bb03a elementor-section-boxed elementor-section-height-default elementor-section-height-default wpr-particle-no wpr-jarallax-no wpr-parallax-no wpr-sticky-section-no wpr-equal-height-no\" data-id=\"b7bb03a\" data-element_type=\"section\">\n\t\t\t\t\t\t<div class=\"elementor-container elementor-column-gap-default\">\n\t\t\t\t\t<div class=\"elementor-column elementor-col-100 elementor-top-column elementor-element elementor-element-d7e985c\" data-id=\"d7e985c\" data-element_type=\"column\">\n\t\t\t<div class=\"elementor-widget-wrap elementor-element-populated\">\n\t\t\t\t\t\t<div class=\"elementor-element elementor-element-ffff6c0 elementor-widget elementor-widget-heading\" data-id=\"ffff6c0\" data-element_type=\"widget\" data-widget_type=\"heading.default\">\n\t\t\t\t<div class=\"elementor-widget-container\">\n\t\t\t\t\t<h2 class=\"elementor-heading-title elementor-size-default\">Associations<\/h2>\t\t\t\t<\/div>\n\t\t\t\t<\/div>\n\t\t\t\t\t<\/div>\n\t\t<\/div>\n\t\t\t\t\t<\/div>\n\t\t<\/section>\n\t\t\t\t<section class=\"elementor-section elementor-top-section elementor-element elementor-element-b853b86 elementor-section-boxed elementor-section-height-default elementor-section-height-default wpr-particle-no wpr-jarallax-no wpr-parallax-no wpr-sticky-section-no wpr-equal-height-no\" data-id=\"b853b86\" data-element_type=\"section\">\n\t\t\t\t\t\t<div class=\"elementor-container elementor-column-gap-default\">\n\t\t\t\t\t<div class=\"elementor-column elementor-col-100 elementor-top-column elementor-element elementor-element-89e025c\" data-id=\"89e025c\" data-element_type=\"column\">\n\t\t\t<div class=\"elementor-widget-wrap elementor-element-populated\">\n\t\t\t\t\t\t<div class=\"elementor-element elementor-element-ee81504 elementor-widget elementor-widget-text-editor\" data-id=\"ee81504\" data-element_type=\"widget\" data-widget_type=\"text-editor.default\">\n\t\t\t\t<div class=\"elementor-widget-container\">\n\t\t\t\t\t\t\t\t\t<ul><li>Membre du <span style=\"color: #800080;\"><a style=\"color: #800080;\" href=\"https:\/\/cpts-synapse.fr\/\">CPTS Synapse<\/a><\/span><\/li><li>Membre du<span style=\"color: #800080;\"> <a style=\"color: #800080;\" href=\"https:\/\/www.gros.org\/\">Groupe de R\u00e9flexion sur l&#8217;Ob\u00e9sit\u00e9 et le Surpoids (GROS)<\/a><\/span> &#8211; membre active de l&#8217;antenne Occitanie-\u00a0 j&#8217;ai le plaisir d&#8217;assister depuis plusieurs ann\u00e9es \u00e0 leur congr\u00e8s annuel.\u00a0<\/li><li>Membre du conseil coll\u00e9giale de <a href=\"https:\/\/www.espacefenouil.org\/\"><span style=\"color: #800080;\">l&#8217;Espace Fenouil<\/span><\/a><\/li><li>Membre du conseil coll\u00e9giale de <a href=\"https:\/\/www.grainedesantes.org\/\"><span style=\"color: #800080;\">Graine de Sant\u00e9s<\/span> <\/a>&#8211; association de promotion de la sant\u00e9 physique, mentale et sociale sur Mazan<\/li><li>Membre de l&#8217;<a href=\"https:\/\/www.afdn.org\/\"><span style=\"color: #800080;\">Association Fran\u00e7aise des Di\u00e9t\u00e9ticiens Nutritionnistes<\/span><\/a><\/li><\/ul>\t\t\t\t\t\t\t\t<\/div>\n\t\t\t\t<\/div>\n\t\t\t\t\t<\/div>\n\t\t<\/div>\n\t\t\t\t\t<\/div>\n\t\t<\/section>\n\t\t\t\t<\/div>\n\t\t","protected":false},"excerpt":{"rendered":"<p>Mon PARCOURS Ma vision professionnelle d\u2019aujourd\u2019hui prend sa source en\u00a0 2013.\u00a0 Trois ans apr\u00e8s l\u2019obtention d\u2019un BTS di\u00e9t\u00e9tique et nutrition. Un \u00e9v\u00e9nement a litt\u00e9ralement fait basculer ma conception de l\u2019alimentation et de l\u2019accompagnement di\u00e9t\u00e9tique.\u00a0 En voyage avec une amie di\u00e9t\u00e9ticienne, je tombe \u201cpar hasard\u201d sur un livre qu\u2019elle transportait dans sa valise.\u00a0 \u201cMaigrir sans r\u00e9gime\u201d du docteur Jean-Philippe Zermati.\u00a0 Cette lecture a r\u00e9volutionn\u00e9 mon regard sur l\u2019alimentation. Et il\u00a0 a chang\u00e9 ma propre mani\u00e8re de percevoir mon alimentation. \u00c9nonc\u00e9 de cette mani\u00e8re, tout para\u00eet presque idyllique. Mais je dois vous confier qu\u2019\u00e0 cette \u00e9poque je souffrais depuis mes 15 ans de Troubles des Conduites Alimentaires (TCA).\u00a0 Ce nouveau paradigme de l\u2019alimentation.\u00a0 Je l&#8217;ai \u00e9tudi\u00e9 au travers de lectures, de conf\u00e9rences.\u00a0 Et par-dessus tout je l&#8217;ai\u00a0 exp\u00e9riment\u00e9.\u00a0 Cette premi\u00e8re \u00e9tape ne m\u2019a pas directement \u201cgu\u00e9rie\u201d de ce TCA.\u00a0 Mais a largement contribu\u00e9 \u00e0 am\u00e9liorer mon \u00e9quilibre entre chaque crise de boulimie. J\u2019ai appris, en dehors des \u00e9pisodes compulsifs, \u00e0 \u00e9couter et respecter mes sensations alimentaires. Ce qui m\u2019a permis de trouver mon poids d\u2019\u00e9quilibre et un certain mieux \u00eatre au quotidien.\u00a0 \u201cLa vie n\u2019est pas un probl\u00e8me \u00e0 r\u00e9soudre mais une r\u00e9alit\u00e9 \u00e0 exp\u00e9rimenter.\u201d Bouddha Un cheminement int\u00e9rieur Au fil des ann\u00e9es,\u00a0 par l\u2019\u00e9coute, l\u2019introspection et la patience, j&#8217;ai appris \u00e0 mieux comprendre mon corps.\u00a0 A l\u2019\u00e9couter et \u00e0 respecter mes besoins. Je me suis \u00e9galement d\u00e9tach\u00e9e de la restriction cognitive (= contr\u00f4le mental de son alimentation).\u00a0 La boulimie faisait toujours partie de ma vie. Et m\u00eame si j\u2019avais commenc\u00e9 \u00e0 conscientiser certains m\u00e9canismes, je n\u2019\u00e9tais pas pr\u00eate \u00e0 un travail sur moi plus en profondeur. Ni \u00e0 entamer un v\u00e9ritable chemin de gu\u00e9rison. Il m\u2019a fallu 15 ans\u00a0 pour \u00eatre pr\u00eate \u00e0 m\u2019en sortir r\u00e9ellement et prendre la d\u00e9cision d\u2019arr\u00eater de faire souffrir mon corps. C\u2019\u00e9tait en 2020. J\u2019ai alors rencontr\u00e9 la th\u00e9rapie analytique qui m\u2019a permis de me lib\u00e9rer pas \u00e0 pas de mes sch\u00e9mas destructeurs. Apr\u00e8s un an et demi de th\u00e9rapie j\u2019ai enfin pu dire au revoir \u00e0 la boulimie qui m&#8217;a accompagn\u00e9e durant 15 ann\u00e9es de vie.\u00a0 Forte de mon exp\u00e9rience personnelle, j\u2019ai pris conscience que le travail psychologique et particuli\u00e8rement le travail avec l\u2019inconscient,\u00a0 \u00e9tait compl\u00e9mentaire au travail sur le comportement alimentaire. Je me suis alors form\u00e9e aupr\u00e8s de Ren\u00e9e Findris au \u201cD\u00e9veloppement Psychosexuel de l\u2019Enfant en appui sur les fondamentaux de la psychanalyse&#8221; (2021\/2022) . Ces bases fondamentales pour la compr\u00e9hension du d\u00e9veloppement de l\u2019individu m\u2019ont donn\u00e9 le go\u00fbt d\u2019\u00e9tudier plus en profondeur la psychologie humaine.\u00a0 Je poursuis l\u2019\u00e9tude de la psychologie en int\u00e9grant d\u00e9but 2023 l\u2019EFPP (E-Facult\u00e9 de psychologie et psychanalyse). En parall\u00e8le de mon cursus de formation j\u2019entreprends un travail personnel en psychanalyse et psychog\u00e9n\u00e9alogie. Ce travail personnel dans les profondeurs de mon \u00eatre et de mon histoire est essentiel \u00e0 mes yeux pour nourrir mon approche. Ainsi que\u00a0 ma mani\u00e8re de guider au mieux mes patients dans leur propre cheminement et \u00e9volution.\u00a0 Ces exp\u00e9riences \u00e0 la fois personnelles et professionnelles colorent ma pratique de th\u00e9rapeute au quotidien.\u00a0 R\u00e9f\u00e9rences BTS Di\u00e9t\u00e9tique et Nutrition (2008- 2010) &#8211; Lyc\u00e9e Marie Curie &#8211; Marseille Licence\u00a0 Sciences Sanitaires et Sociales (2011) &#8211; Universit\u00e9 Aix-Marseille Formation \u00e0 la m\u00e9thode de coaching \u00e9nerg\u00e9tique Succ\u00e8s Infini\u2122 (2020\/2021) &#8211; Succ\u00e8s Infini\u2122 \u2013 r\u00e9gulier &#8211; M\u00e9lissa Mayer (melissamayer.ca) Cours en aromath\u00e9rapie pratique &#8211; Aude Gelli Sophrologue et Aromatologue Formation D\u00e9veloppement Psychosexuel de l\u2019Enfant en appui sur les fondamentaux de la psychanalyse (2021\/2022) &#8211; Ren\u00e9e Findris Psychanalyste\u00a0 Formation de psychoth\u00e9rapie (2023\/ 2024) &#8211; E. facult\u00e9 de psychologie et psychanalyse\u00a0\u00a0 TCA Di\u00e9t\u00e9tique et TCC (2025) &#8211; Centre de Formation en Di\u00e9t\u00e9tique et Comportement Associations Membre du CPTS Synapse Membre du Groupe de R\u00e9flexion sur l&#8217;Ob\u00e9sit\u00e9 et le Surpoids (GROS) &#8211; membre active de l&#8217;antenne Occitanie-\u00a0 j&#8217;ai le plaisir d&#8217;assister depuis plusieurs ann\u00e9es \u00e0 leur congr\u00e8s annuel.\u00a0 Membre du conseil coll\u00e9giale de l&#8217;Espace Fenouil Membre du conseil coll\u00e9giale de Graine de Sant\u00e9s &#8211; association de promotion de la sant\u00e9 physique, mentale et sociale sur Mazan Membre de l&#8217;Association Fran\u00e7aise des Di\u00e9t\u00e9ticiens Nutritionnistes<\/p>\n","protected":false},"author":2,"featured_media":0,"parent":0,"menu_order":0,"comment_status":"closed","ping_status":"closed","template":"elementor_header_footer","meta":{"ocean_post_layout":"","ocean_both_sidebars_style":"","ocean_both_sidebars_content_width":0,"ocean_both_sidebars_sidebars_width":0,"ocean_sidebar":"0","ocean_second_sidebar":"0","ocean_disable_margins":"enable","ocean_add_body_class":"","ocean_shortcode_before_top_bar":"","ocean_shortcode_after_top_bar":"","ocean_shortcode_before_header":"","ocean_shortcode_after_header":"","ocean_has_shortcode":"","ocean_shortcode_after_title":"","ocean_shortcode_before_footer_widgets":"","ocean_shortcode_after_footer_widgets":"","ocean_shortcode_before_footer_bottom":"","ocean_shortcode_after_footer_bottom":"","ocean_display_top_bar":"default","ocean_display_header":"default","ocean_header_style":"","ocean_center_header_left_menu":"0","ocean_custom_header_template":"0","ocean_custom_logo":0,"ocean_custom_retina_logo":0,"ocean_custom_logo_max_width":0,"ocean_custom_logo_tablet_max_width":0,"ocean_custom_logo_mobile_max_width":0,"ocean_custom_logo_max_height":0,"ocean_custom_logo_tablet_max_height":0,"ocean_custom_logo_mobile_max_height":0,"ocean_header_custom_menu":"0","ocean_menu_typo_font_family":"0","ocean_menu_typo_font_subset":"","ocean_menu_typo_font_size":0,"ocean_menu_typo_font_size_tablet":0,"ocean_menu_typo_font_size_mobile":0,"ocean_menu_typo_font_size_unit":"px","ocean_menu_typo_font_weight":"","ocean_menu_typo_font_weight_tablet":"","ocean_menu_typo_font_weight_mobile":"","ocean_menu_typo_transform":"","ocean_menu_typo_transform_tablet":"","ocean_menu_typo_transform_mobile":"","ocean_menu_typo_line_height":0,"ocean_menu_typo_line_height_tablet":0,"ocean_menu_typo_line_height_mobile":0,"ocean_menu_typo_line_height_unit":"","ocean_menu_typo_spacing":0,"ocean_menu_typo_spacing_tablet":0,"ocean_menu_typo_spacing_mobile":0,"ocean_menu_typo_spacing_unit":"","ocean_menu_link_color":"","ocean_menu_link_color_hover":"","ocean_menu_link_color_active":"","ocean_menu_link_background":"","ocean_menu_link_hover_background":"","ocean_menu_link_active_background":"","ocean_menu_social_links_bg":"","ocean_menu_social_hover_links_bg":"","ocean_menu_social_links_color":"","ocean_menu_social_hover_links_color":"","ocean_disable_title":"default","ocean_disable_heading":"default","ocean_post_title":"","ocean_post_subheading":"","ocean_post_title_style":"","ocean_post_title_background_color":"","ocean_post_title_background":0,"ocean_post_title_bg_image_position":"","ocean_post_title_bg_image_attachment":"","ocean_post_title_bg_image_repeat":"","ocean_post_title_bg_image_size":"","ocean_post_title_height":0,"ocean_post_title_bg_overlay":0.5,"ocean_post_title_bg_overlay_color":"","ocean_disable_breadcrumbs":"default","ocean_breadcrumbs_color":"","ocean_breadcrumbs_separator_color":"","ocean_breadcrumbs_links_color":"","ocean_breadcrumbs_links_hover_color":"","ocean_display_footer_widgets":"default","ocean_display_footer_bottom":"default","ocean_custom_footer_template":"0","footnotes":""},"yoast_head":"<!-- This site is optimized with the Yoast SEO plugin v23.5 - https:\/\/yoast.com\/wordpress\/plugins\/seo\/ -->\n<title>Di\u00e9t\u00e9ticienne en ligne - Psychodi\u00e9t\u00e9tique.fr<\/title>\n<meta name=\"description\" content=\"Di\u00e9t\u00e9ticienne, je vous propose des RDV en ligne, en t\u00e9l\u00e9consultation. Accompagnement : perte de poids, compulsions alimentaires et TCA.\" \/>\n<meta name=\"robots\" content=\"index, follow, max-snippet:-1, max-image-preview:large, max-video-preview:-1\" \/>\n<link rel=\"canonical\" href=\"https:\/\/psychodietetique.fr\/index.php\/dieteticienne-en-ligne\/\" \/>\n<meta property=\"og:locale\" content=\"en_US\" \/>\n<meta property=\"og:type\" content=\"article\" \/>\n<meta property=\"og:title\" content=\"Di\u00e9t\u00e9ticienne en ligne - Psychodi\u00e9t\u00e9tique.fr\" \/>\n<meta property=\"og:description\" content=\"Di\u00e9t\u00e9ticienne, je vous propose des RDV en ligne, en t\u00e9l\u00e9consultation. Accompagnement : perte de poids, compulsions alimentaires et TCA.\" \/>\n<meta property=\"og:url\" content=\"https:\/\/psychodietetique.fr\/index.php\/dieteticienne-en-ligne\/\" \/>\n<meta property=\"og:site_name\" content=\"Psychodi\u00e9t\u00e9tique.fr\" \/>\n<meta property=\"article:modified_time\" content=\"2025-10-27T09:03:23+00:00\" \/>\n<meta property=\"og:image\" content=\"https:\/\/psychodietetique.fr\/wp-content\/uploads\/2023\/08\/photo-amandine-Modifie-300x293.jpg\" \/>\n<meta name=\"twitter:card\" content=\"summary_large_image\" \/>\n<meta name=\"twitter:label1\" content=\"Est. reading time\" \/>\n\t<meta name=\"twitter:data1\" content=\"4 minutes\" \/>\n<script type=\"application\/ld+json\" class=\"yoast-schema-graph\">{\"@context\":\"https:\/\/schema.org\",\"@graph\":[{\"@type\":\"WebPage\",\"@id\":\"https:\/\/psychodietetique.fr\/index.php\/dieteticienne-en-ligne\/\",\"url\":\"https:\/\/psychodietetique.fr\/index.php\/dieteticienne-en-ligne\/\",\"name\":\"Di\u00e9t\u00e9ticienne en ligne - Psychodi\u00e9t\u00e9tique.fr\",\"isPartOf\":{\"@id\":\"https:\/\/psychodietetique.fr\/#website\"},\"primaryImageOfPage\":{\"@id\":\"https:\/\/psychodietetique.fr\/index.php\/dieteticienne-en-ligne\/#primaryimage\"},\"image\":{\"@id\":\"https:\/\/psychodietetique.fr\/index.php\/dieteticienne-en-ligne\/#primaryimage\"},\"thumbnailUrl\":\"https:\/\/psychodietetique.fr\/wp-content\/uploads\/2023\/08\/photo-amandine-Modifie-300x293.jpg\",\"datePublished\":\"2023-08-28T13:35:20+00:00\",\"dateModified\":\"2025-10-27T09:03:23+00:00\",\"description\":\"Di\u00e9t\u00e9ticienne, je vous propose des RDV en ligne, en t\u00e9l\u00e9consultation. Accompagnement : perte de poids, compulsions alimentaires et TCA.\",\"breadcrumb\":{\"@id\":\"https:\/\/psychodietetique.fr\/index.php\/dieteticienne-en-ligne\/#breadcrumb\"},\"inLanguage\":\"en-US\",\"potentialAction\":[{\"@type\":\"ReadAction\",\"target\":[\"https:\/\/psychodietetique.fr\/index.php\/dieteticienne-en-ligne\/\"]}]},{\"@type\":\"ImageObject\",\"inLanguage\":\"en-US\",\"@id\":\"https:\/\/psychodietetique.fr\/index.php\/dieteticienne-en-ligne\/#primaryimage\",\"url\":\"https:\/\/psychodietetique.fr\/wp-content\/uploads\/2023\/08\/photo-amandine-Modifie.jpg\",\"contentUrl\":\"https:\/\/psychodietetique.fr\/wp-content\/uploads\/2023\/08\/photo-amandine-Modifie.jpg\",\"width\":750,\"height\":733,\"caption\":\"di\u00e9t\u00e9ticienne en ligne\"},{\"@type\":\"BreadcrumbList\",\"@id\":\"https:\/\/psychodietetique.fr\/index.php\/dieteticienne-en-ligne\/#breadcrumb\",\"itemListElement\":[{\"@type\":\"ListItem\",\"position\":1,\"name\":\"Accueil\",\"item\":\"https:\/\/psychodietetique.fr\/\"},{\"@type\":\"ListItem\",\"position\":2,\"name\":\"Mon parcours\"}]},{\"@type\":\"WebSite\",\"@id\":\"https:\/\/psychodietetique.fr\/#website\",\"url\":\"https:\/\/psychodietetique.fr\/\",\"name\":\"Psychodi\u00e9t\u00e9tique.fr\",\"description\":\"Di\u00e9t\u00e9ticienne-Nutrionniste\",\"publisher\":{\"@id\":\"https:\/\/psychodietetique.fr\/#organization\"},\"potentialAction\":[{\"@type\":\"SearchAction\",\"target\":{\"@type\":\"EntryPoint\",\"urlTemplate\":\"https:\/\/psychodietetique.fr\/?s={search_term_string}\"},\"query-input\":{\"@type\":\"PropertyValueSpecification\",\"valueRequired\":true,\"valueName\":\"search_term_string\"}}],\"inLanguage\":\"en-US\"},{\"@type\":\"Organization\",\"@id\":\"https:\/\/psychodietetique.fr\/#organization\",\"name\":\"Psychodi\u00e9t\u00e9tique.fr\",\"url\":\"https:\/\/psychodietetique.fr\/\",\"logo\":{\"@type\":\"ImageObject\",\"inLanguage\":\"en-US\",\"@id\":\"https:\/\/psychodietetique.fr\/#\/schema\/logo\/image\/\",\"url\":\"https:\/\/psychodietetique.fr\/wp-content\/uploads\/2023\/08\/Logo-seul-transparent-1.png\",\"contentUrl\":\"https:\/\/psychodietetique.fr\/wp-content\/uploads\/2023\/08\/Logo-seul-transparent-1.png\",\"width\":1000,\"height\":1000,\"caption\":\"Psychodi\u00e9t\u00e9tique.fr\"},\"image\":{\"@id\":\"https:\/\/psychodietetique.fr\/#\/schema\/logo\/image\/\"}}]}<\/script>\n<!-- \/ Yoast SEO plugin. -->","yoast_head_json":{"title":"Di\u00e9t\u00e9ticienne en ligne - Psychodi\u00e9t\u00e9tique.fr","description":"Di\u00e9t\u00e9ticienne, je vous propose des RDV en ligne, en t\u00e9l\u00e9consultation. Accompagnement : perte de poids, compulsions alimentaires et TCA.","robots":{"index":"index","follow":"follow","max-snippet":"max-snippet:-1","max-image-preview":"max-image-preview:large","max-video-preview":"max-video-preview:-1"},"canonical":"https:\/\/psychodietetique.fr\/index.php\/dieteticienne-en-ligne\/","og_locale":"en_US","og_type":"article","og_title":"Di\u00e9t\u00e9ticienne en ligne - Psychodi\u00e9t\u00e9tique.fr","og_description":"Di\u00e9t\u00e9ticienne, je vous propose des RDV en ligne, en t\u00e9l\u00e9consultation. Accompagnement : perte de poids, compulsions alimentaires et TCA.","og_url":"https:\/\/psychodietetique.fr\/index.php\/dieteticienne-en-ligne\/","og_site_name":"Psychodi\u00e9t\u00e9tique.fr","article_modified_time":"2025-10-27T09:03:23+00:00","og_image":[{"url":"https:\/\/psychodietetique.fr\/wp-content\/uploads\/2023\/08\/photo-amandine-Modifie-300x293.jpg"}],"twitter_card":"summary_large_image","twitter_misc":{"Est. reading time":"4 minutes"},"schema":{"@context":"https:\/\/schema.org","@graph":[{"@type":"WebPage","@id":"https:\/\/psychodietetique.fr\/index.php\/dieteticienne-en-ligne\/","url":"https:\/\/psychodietetique.fr\/index.php\/dieteticienne-en-ligne\/","name":"Di\u00e9t\u00e9ticienne en ligne - Psychodi\u00e9t\u00e9tique.fr","isPartOf":{"@id":"https:\/\/psychodietetique.fr\/#website"},"primaryImageOfPage":{"@id":"https:\/\/psychodietetique.fr\/index.php\/dieteticienne-en-ligne\/#primaryimage"},"image":{"@id":"https:\/\/psychodietetique.fr\/index.php\/dieteticienne-en-ligne\/#primaryimage"},"thumbnailUrl":"https:\/\/psychodietetique.fr\/wp-content\/uploads\/2023\/08\/photo-amandine-Modifie-300x293.jpg","datePublished":"2023-08-28T13:35:20+00:00","dateModified":"2025-10-27T09:03:23+00:00","description":"Di\u00e9t\u00e9ticienne, je vous propose des RDV en ligne, en t\u00e9l\u00e9consultation. Accompagnement : perte de poids, compulsions alimentaires et TCA.","breadcrumb":{"@id":"https:\/\/psychodietetique.fr\/index.php\/dieteticienne-en-ligne\/#breadcrumb"},"inLanguage":"en-US","potentialAction":[{"@type":"ReadAction","target":["https:\/\/psychodietetique.fr\/index.php\/dieteticienne-en-ligne\/"]}]},{"@type":"ImageObject","inLanguage":"en-US","@id":"https:\/\/psychodietetique.fr\/index.php\/dieteticienne-en-ligne\/#primaryimage","url":"https:\/\/psychodietetique.fr\/wp-content\/uploads\/2023\/08\/photo-amandine-Modifie.jpg","contentUrl":"https:\/\/psychodietetique.fr\/wp-content\/uploads\/2023\/08\/photo-amandine-Modifie.jpg","width":750,"height":733,"caption":"di\u00e9t\u00e9ticienne en ligne"},{"@type":"BreadcrumbList","@id":"https:\/\/psychodietetique.fr\/index.php\/dieteticienne-en-ligne\/#breadcrumb","itemListElement":[{"@type":"ListItem","position":1,"name":"Accueil","item":"https:\/\/psychodietetique.fr\/"},{"@type":"ListItem","position":2,"name":"Mon parcours"}]},{"@type":"WebSite","@id":"https:\/\/psychodietetique.fr\/#website","url":"https:\/\/psychodietetique.fr\/","name":"Psychodi\u00e9t\u00e9tique.fr","description":"Di\u00e9t\u00e9ticienne-Nutrionniste","publisher":{"@id":"https:\/\/psychodietetique.fr\/#organization"},"potentialAction":[{"@type":"SearchAction","target":{"@type":"EntryPoint","urlTemplate":"https:\/\/psychodietetique.fr\/?s={search_term_string}"},"query-input":{"@type":"PropertyValueSpecification","valueRequired":true,"valueName":"search_term_string"}}],"inLanguage":"en-US"},{"@type":"Organization","@id":"https:\/\/psychodietetique.fr\/#organization","name":"Psychodi\u00e9t\u00e9tique.fr","url":"https:\/\/psychodietetique.fr\/","logo":{"@type":"ImageObject","inLanguage":"en-US","@id":"https:\/\/psychodietetique.fr\/#\/schema\/logo\/image\/","url":"https:\/\/psychodietetique.fr\/wp-content\/uploads\/2023\/08\/Logo-seul-transparent-1.png","contentUrl":"https:\/\/psychodietetique.fr\/wp-content\/uploads\/2023\/08\/Logo-seul-transparent-1.png","width":1000,"height":1000,"caption":"Psychodi\u00e9t\u00e9tique.fr"},"image":{"@id":"https:\/\/psychodietetique.fr\/#\/schema\/logo\/image\/"}}]}},"_links":{"self":[{"href":"https:\/\/psychodietetique.fr\/index.php\/wp-json\/wp\/v2\/pages\/1339"}],"collection":[{"href":"https:\/\/psychodietetique.fr\/index.php\/wp-json\/wp\/v2\/pages"}],"about":[{"href":"https:\/\/psychodietetique.fr\/index.php\/wp-json\/wp\/v2\/types\/page"}],"author":[{"embeddable":true,"href":"https:\/\/psychodietetique.fr\/index.php\/wp-json\/wp\/v2\/users\/2"}],"replies":[{"embeddable":true,"href":"https:\/\/psychodietetique.fr\/index.php\/wp-json\/wp\/v2\/comments?post=1339"}],"version-history":[{"count":82,"href":"https:\/\/psychodietetique.fr\/index.php\/wp-json\/wp\/v2\/pages\/1339\/revisions"}],"predecessor-version":[{"id":5184,"href":"https:\/\/psychodietetique.fr\/index.php\/wp-json\/wp\/v2\/pages\/1339\/revisions\/5184"}],"wp:attachment":[{"href":"https:\/\/psychodietetique.fr\/index.php\/wp-json\/wp\/v2\/media?parent=1339"}],"curies":[{"name":"wp","href":"https:\/\/api.w.org\/{rel}","templated":true}]}}